{"id":843,"date":"2020-08-03T15:07:22","date_gmt":"2020-08-03T13:07:22","guid":{"rendered":"https:\/\/aic-vbc.be\/ecologische-uitvaart\/"},"modified":"2026-04-14T18:03:22","modified_gmt":"2026-04-14T16:03:22","slug":"funerailles-ecologiques","status":"publish","type":"page","link":"https:\/\/www.aic-vbc.be\/fr\/nos-services\/funerailles-ecologiques\/","title":{"rendered":"Fun\u00e9railles \u00e9cologiques"},"content":{"rendered":"\t\t<div data-elementor-type=\"wp-page\" data-elementor-id=\"843\" class=\"elementor elementor-843 elementor-422\" data-elementor-post-type=\"page\">\n\t\t\t\t\t\t<section class=\"elementor-section elementor-top-section elementor-element elementor-element-5eb32e5 elementor-section-stretched elementor-section-height-min-height elementor-section-boxed elementor-section-height-default elementor-section-items-middle\" data-id=\"5eb32e5\" data-element_type=\"section\" data-settings=\"{&quot;stretch_section&quot;:&quot;section-stretched&quot;,&quot;jet_parallax_layout_list&quot;:[{&quot;jet_parallax_layout_image&quot;:{&quot;url&quot;:&quot;&quot;,&quot;id&quot;:&quot;&quot;,&quot;size&quot;:&quot;&quot;},&quot;_id&quot;:&quot;121a7f6&quot;,&quot;jet_parallax_layout_speed&quot;:{&quot;unit&quot;:&quot;%&quot;,&quot;size&quot;:&quot;50&quot;,&quot;sizes&quot;:[]},&quot;jet_parallax_layout_bg_x&quot;:&quot;50&quot;,&quot;jet_parallax_layout_bg_y&quot;:&quot;50&quot;,&quot;jet_parallax_layout_image_tablet&quot;:{&quot;url&quot;:&quot;&quot;,&quot;id&quot;:&quot;&quot;,&quot;size&quot;:&quot;&quot;},&quot;jet_parallax_layout_image_mobile&quot;:{&quot;url&quot;:&quot;&quot;,&quot;id&quot;:&quot;&quot;,&quot;size&quot;:&quot;&quot;},&quot;jet_parallax_layout_type&quot;:&quot;scroll&quot;,&quot;jet_parallax_layout_direction&quot;:null,&quot;jet_parallax_layout_fx_direction&quot;:null,&quot;jet_parallax_layout_z_index&quot;:&quot;&quot;,&quot;jet_parallax_layout_bg_x_tablet&quot;:&quot;&quot;,&quot;jet_parallax_layout_bg_x_mobile&quot;:&quot;&quot;,&quot;jet_parallax_layout_bg_y_tablet&quot;:&quot;&quot;,&quot;jet_parallax_layout_bg_y_mobile&quot;:&quot;&quot;,&quot;jet_parallax_layout_bg_size&quot;:&quot;auto&quot;,&quot;jet_parallax_layout_bg_size_tablet&quot;:&quot;&quot;,&quot;jet_parallax_layout_bg_size_mobile&quot;:&quot;&quot;,&quot;jet_parallax_layout_animation_prop&quot;:&quot;transform&quot;,&quot;jet_parallax_layout_on&quot;:[&quot;desktop&quot;,&quot;tablet&quot;]}],&quot;background_background&quot;:&quot;classic&quot;}\">\n\t\t\t\t\t\t\t<div class=\"elementor-background-overlay\"><\/div>\n\t\t\t\t\t\t\t<div class=\"elementor-container elementor-column-gap-default\">\n\t\t\t\t\t<div class=\"elementor-column elementor-col-100 elementor-top-column elementor-element elementor-element-54985a6b\" data-id=\"54985a6b\" data-element_type=\"column\">\n\t\t\t<div class=\"elementor-widget-wrap elementor-element-populated\">\n\t\t\t\t\t\t<div class=\"elementor-element elementor-element-66a6bcbf elementor-align-left elementor-widget elementor-widget-raven-heading\" data-id=\"66a6bcbf\" data-element_type=\"widget\" data-widget_type=\"raven-heading.default\">\n\t\t\t\t<div class=\"elementor-widget-container\">\n\t\t\t\t\t\t\t<div class=\"raven-widget-wrapper\"><h1 class=\"raven-heading raven-heading-h1\"><span class=\"raven-heading-title\">Fun\u00e9railles \u00e9cologiques<\/span><\/h1><\/div>\n\t\t\t\t\t\t<\/div>\n\t\t\t\t<\/div>\n\t\t\t\t<div class=\"elementor-element elementor-element-1bcac6e9 elementor-align-left elementor-widget elementor-widget-raven-breadcrumbs\" data-id=\"1bcac6e9\" data-element_type=\"widget\" data-widget_type=\"raven-breadcrumbs.default\">\n\t\t\t\t<div class=\"elementor-widget-container\">\n\t\t\t\t\t<div class=\"raven-breadcrumbs raven-breadcrumbs-default\"><ol class=\"breadcrumb\">\t\t\t\t<li class=\"breadcrumb-item active\" aria-current=\"page\"><span>Home<\/span><\/li>\n\n\t\t\t\t<\/ol><\/div>\t\t\t\t<\/div>\n\t\t\t\t<\/div>\n\t\t\t\t\t<\/div>\n\t\t<\/div>\n\t\t\t\t\t<\/div>\n\t\t<\/section>\n\t\t\t\t<section class=\"elementor-section elementor-top-section elementor-element elementor-element-54aca3cf elementor-section-boxed elementor-section-height-default elementor-section-height-default\" data-id=\"54aca3cf\" data-element_type=\"section\" data-settings=\"{&quot;jet_parallax_layout_list&quot;:[{&quot;jet_parallax_layout_image&quot;:{&quot;url&quot;:&quot;&quot;,&quot;id&quot;:&quot;&quot;,&quot;size&quot;:&quot;&quot;},&quot;_id&quot;:&quot;55dc9e0&quot;,&quot;jet_parallax_layout_speed&quot;:{&quot;unit&quot;:&quot;%&quot;,&quot;size&quot;:&quot;50&quot;,&quot;sizes&quot;:[]},&quot;jet_parallax_layout_bg_x&quot;:&quot;50&quot;,&quot;jet_parallax_layout_bg_y&quot;:&quot;50&quot;,&quot;jet_parallax_layout_image_tablet&quot;:{&quot;url&quot;:&quot;&quot;,&quot;id&quot;:&quot;&quot;,&quot;size&quot;:&quot;&quot;},&quot;jet_parallax_layout_image_mobile&quot;:{&quot;url&quot;:&quot;&quot;,&quot;id&quot;:&quot;&quot;,&quot;size&quot;:&quot;&quot;},&quot;jet_parallax_layout_type&quot;:&quot;scroll&quot;,&quot;jet_parallax_layout_direction&quot;:null,&quot;jet_parallax_layout_fx_direction&quot;:null,&quot;jet_parallax_layout_z_index&quot;:&quot;&quot;,&quot;jet_parallax_layout_bg_x_tablet&quot;:&quot;&quot;,&quot;jet_parallax_layout_bg_x_mobile&quot;:&quot;&quot;,&quot;jet_parallax_layout_bg_y_tablet&quot;:&quot;&quot;,&quot;jet_parallax_layout_bg_y_mobile&quot;:&quot;&quot;,&quot;jet_parallax_layout_bg_size&quot;:&quot;auto&quot;,&quot;jet_parallax_layout_bg_size_tablet&quot;:&quot;&quot;,&quot;jet_parallax_layout_bg_size_mobile&quot;:&quot;&quot;,&quot;jet_parallax_layout_animation_prop&quot;:&quot;transform&quot;,&quot;jet_parallax_layout_on&quot;:[&quot;desktop&quot;,&quot;tablet&quot;]}]}\">\n\t\t\t\t\t\t<div class=\"elementor-container elementor-column-gap-default\">\n\t\t\t\t\t<div class=\"elementor-column elementor-col-100 elementor-top-column elementor-element elementor-element-56965dc1\" data-id=\"56965dc1\" data-element_type=\"column\">\n\t\t\t<div class=\"elementor-widget-wrap elementor-element-populated\">\n\t\t\t\t\t\t<div class=\"elementor-element elementor-element-7f102750 elementor-align-left elementor-widget elementor-widget-raven-heading\" data-id=\"7f102750\" data-element_type=\"widget\" data-widget_type=\"raven-heading.default\">\n\t\t\t\t<div class=\"elementor-widget-container\">\n\t\t\t\t\t\t\t<div class=\"raven-widget-wrapper\"><h3 class=\"raven-heading raven-heading-h3\"><span class=\"raven-heading-title\">Nos services vert<\/span><\/h3><\/div>\n\t\t\t\t\t\t<\/div>\n\t\t\t\t<\/div>\n\t\t\t\t<div class=\"elementor-element elementor-element-74440712 elementor-align-left elementor-widget elementor-widget-raven-heading\" data-id=\"74440712\" data-element_type=\"widget\" data-widget_type=\"raven-heading.default\">\n\t\t\t\t<div class=\"elementor-widget-container\">\n\t\t\t\t\t\t\t<div class=\"raven-widget-wrapper\"><h2 class=\"raven-heading raven-heading-h2\"><span class=\"raven-heading-title\">Fun\u00e9railles \u00e9cologiques<\/span><\/h2><\/div>\n\t\t\t\t\t\t<\/div>\n\t\t\t\t<\/div>\n\t\t\t\t<div class=\"elementor-element elementor-element-24b9ed95 elementor-widget elementor-widget-text-editor\" data-id=\"24b9ed95\" data-element_type=\"widget\" data-widget_type=\"text-editor.default\">\n\t\t\t\t<div class=\"elementor-widget-container\">\n\t\t\t\t\t\t\t\t\t<p>Les fun\u00e9railles \u00e9cologiques sont de plus en plus important. Vous pouvez \u00e9galement tenir compte de votre empreinte \u00e9cologique en optant pour une <a href=\"https:\/\/aic-vbc.be\/nos-services\/inhumation\/\">inhumation<\/a> ou une <a href=\"https:\/\/aic-vbc.be\/nos-services\/cremation\/\">cr\u00e9mation<\/a>. A.I.C. se fera un plaisir de vous donner des conseils professionnels concernant les fun\u00e9railles \u00e9cologique.<\/p>\t\t\t\t\t\t\t\t<\/div>\n\t\t\t\t<\/div>\n\t\t\t\t<div class=\"elementor-element elementor-element-6a5834ad elementor-widget elementor-widget-text-editor\" data-id=\"6a5834ad\" data-element_type=\"widget\" data-widget_type=\"text-editor.default\">\n\t\t\t\t<div class=\"elementor-widget-container\">\n\t\t\t\t\t\t\t\t\t<h2>En quoi consistent des fun\u00e9railles \u00e9cologiques ?<\/h2>\n<p>Les fun\u00e9railles vertes et les cercueils \u00e9cologiques sont \u00e0 la hausse. Et c&rsquo;est tout \u00e0 fait logique. De plus en plus de personnes tiennent compte de leur empreinte \u00e9cologique tout au long de leur vie. Pourquoi ne pas en tenir compte au moment de faire ses adieux ? En tant qu&rsquo;entreprise de pompes fun\u00e8bres, nous pouvons vous conseiller et vous aider dans vos choix \u00e9cologiques. Nous fournissons plus d&rsquo;informations sur les <strong>variantes \u00e9cologiques des produits fun\u00e9raires classiques<\/strong> tels que les cercueils et les urnes.<\/p>\n<p>Pour des fun\u00e9railles \u00e9cologiques, vous pouvez prendre en compte les aspects suivants :<\/p>\n<ul>\n<li>Cercueils (cercueils sp\u00e9cifique ECO)<\/li>\n<li>Transport vert (cort\u00e8ge fun\u00e9raire \u00e0 v\u00e9lo, triporteur ou en cal\u00e8che tir\u00e9e par des chevaux)<\/li>\n<li>La r\u00e9ception (par exemple un repas v\u00e9g\u00e9tarien)<\/li>\n<li>Impression fun\u00e9raire (envoi par e-mail ou via les m\u00e9dias sociaux)<\/li>\n<\/ul>\n<div>\n<h2>Des fun\u00e9railles vertes : les cercueils ECO<\/h2>\n<p class=\"MsoNormal\">La demande d&rsquo;un enterrement \u00e9cologique augmente. C&rsquo;est pourquoi nous proposons diff\u00e9rents cercueils \u00e9cologiques. Ils sont g\u00e9n\u00e9ralement fabriqu\u00e9s en <b>bois de peuplier<\/b>. Un type de bois qui pousse rapidement et qui est commun. Le bois reste toujours non trait\u00e9e. En termes de conception, les cercueils \u00e9cologiques ne sont pas inf\u00e9rieurs aux cercueils traditionnels. Il existe des cercueils de tous les styles, du classique au moderne.<\/p>\n<\/div>\t\t\t\t\t\t\t\t<\/div>\n\t\t\t\t<\/div>\n\t\t\t\t<div class=\"elementor-element elementor-element-f923a20 elementor-widget elementor-widget-gallery\" data-id=\"f923a20\" data-element_type=\"widget\" data-settings=\"{&quot;columns&quot;:&quot;5&quot;,&quot;lazyload&quot;:&quot;yes&quot;,&quot;gallery_layout&quot;:&quot;grid&quot;,&quot;columns_tablet&quot;:2,&quot;columns_mobile&quot;:1,&quot;gap&quot;:{&quot;unit&quot;:&quot;px&quot;,&quot;size&quot;:10,&quot;sizes&quot;:[]},&quot;gap_tablet&quot;:{&quot;unit&quot;:&quot;px&quot;,&quot;size&quot;:10,&quot;sizes&quot;:[]},&quot;gap_mobile&quot;:{&quot;unit&quot;:&quot;px&quot;,&quot;size&quot;:10,&quot;sizes&quot;:[]},&quot;link_to&quot;:&quot;file&quot;,&quot;aspect_ratio&quot;:&quot;3:2&quot;,&quot;overlay_background&quot;:&quot;yes&quot;,&quot;content_hover_animation&quot;:&quot;fade-in&quot;}\" data-widget_type=\"gallery.default\">\n\t\t\t\t<div class=\"elementor-widget-container\">\n\t\t\t\t\t\t\t<div class=\"elementor-gallery__container\">\n\t\t\t\t\t\t\t<a class=\"e-gallery-item elementor-gallery-item elementor-animated-content\" href=\"https:\/\/www.aic-vbc.be\/wp-content\/uploads\/2020\/11\/AIC-Heirbrant-VBC-begrafenisondernemer-pompes-funebres-Eco-1.png\" data-elementor-open-lightbox=\"yes\" data-elementor-lightbox-slideshow=\"f923a20\" data-elementor-lightbox-title=\"Ecologische uitvaart Uitvaartzorg AIC HEIRBRANT VBC 02\/502.14.24\" data-e-action-hash=\"#elementor-action%3Aaction%3Dlightbox%26settings%3DeyJpZCI6MjU4NiwidXJsIjoiaHR0cHM6XC9cL3d3dy5haWMtdmJjLmJlXC93cC1jb250ZW50XC91cGxvYWRzXC8yMDIwXC8xMVwvQUlDLUhlaXJicmFudC1WQkMtYmVncmFmZW5pc29uZGVybmVtZXItcG9tcGVzLWZ1bmVicmVzLUVjby0xLnBuZyIsInNsaWRlc2hvdyI6ImY5MjNhMjAifQ%3D%3D\">\n\t\t\t\t\t<div class=\"e-gallery-image elementor-gallery-item__image\" data-thumbnail=\"https:\/\/www.aic-vbc.be\/wp-content\/uploads\/2020\/11\/AIC-Heirbrant-VBC-begrafenisondernemer-pompes-funebres-Eco-1-300x141.png\" data-width=\"300\" data-height=\"141\" aria-label=\"Ecologische uitvaart Uitvaartzorg AIC HEIRBRANT VBC 02\/502.14.24\" role=\"img\" ><\/div>\n\t\t\t\t\t\t\t\t\t\t\t<div class=\"elementor-gallery-item__overlay\"><\/div>\n\t\t\t\t\t\t\t\t\t\t\t\t\t\t<\/a>\n\t\t\t\t\t\t\t<a class=\"e-gallery-item elementor-gallery-item elementor-animated-content\" href=\"https:\/\/www.aic-vbc.be\/wp-content\/uploads\/2020\/11\/AIC-Heirbrant-VBC-begrafenisondernemer-pompes-funebres-Eco-2.png\" data-elementor-open-lightbox=\"yes\" data-elementor-lightbox-slideshow=\"f923a20\" data-elementor-lightbox-title=\"Ecologische uitvaart Uitvaartzorg AIC HEIRBRANT VBC 02\/502.14.24\" data-e-action-hash=\"#elementor-action%3Aaction%3Dlightbox%26settings%3DeyJpZCI6MjU4OCwidXJsIjoiaHR0cHM6XC9cL3d3dy5haWMtdmJjLmJlXC93cC1jb250ZW50XC91cGxvYWRzXC8yMDIwXC8xMVwvQUlDLUhlaXJicmFudC1WQkMtYmVncmFmZW5pc29uZGVybmVtZXItcG9tcGVzLWZ1bmVicmVzLUVjby0yLnBuZyIsInNsaWRlc2hvdyI6ImY5MjNhMjAifQ%3D%3D\">\n\t\t\t\t\t<div class=\"e-gallery-image elementor-gallery-item__image\" data-thumbnail=\"https:\/\/www.aic-vbc.be\/wp-content\/uploads\/2020\/11\/AIC-Heirbrant-VBC-begrafenisondernemer-pompes-funebres-Eco-2-300x138.png\" data-width=\"300\" data-height=\"138\" aria-label=\"Ecologische uitvaart Uitvaartzorg AIC HEIRBRANT VBC 02\/502.14.24\" role=\"img\" ><\/div>\n\t\t\t\t\t\t\t\t\t\t\t<div class=\"elementor-gallery-item__overlay\"><\/div>\n\t\t\t\t\t\t\t\t\t\t\t\t\t\t<\/a>\n\t\t\t\t\t\t\t<a class=\"e-gallery-item elementor-gallery-item elementor-animated-content\" href=\"https:\/\/www.aic-vbc.be\/wp-content\/uploads\/2020\/11\/AIC-Heirbrant-VBC-begrafenisondernemer-pompes-funebres-Eco-9.png\" data-elementor-open-lightbox=\"yes\" data-elementor-lightbox-slideshow=\"f923a20\" data-elementor-lightbox-title=\"Ecologische uitvaart Uitvaartzorg AIC HEIRBRANT VBC 02\/502.14.24\" data-e-action-hash=\"#elementor-action%3Aaction%3Dlightbox%26settings%3DeyJpZCI6MjU5MCwidXJsIjoiaHR0cHM6XC9cL3d3dy5haWMtdmJjLmJlXC93cC1jb250ZW50XC91cGxvYWRzXC8yMDIwXC8xMVwvQUlDLUhlaXJicmFudC1WQkMtYmVncmFmZW5pc29uZGVybmVtZXItcG9tcGVzLWZ1bmVicmVzLUVjby05LnBuZyIsInNsaWRlc2hvdyI6ImY5MjNhMjAifQ%3D%3D\">\n\t\t\t\t\t<div class=\"e-gallery-image elementor-gallery-item__image\" data-thumbnail=\"https:\/\/www.aic-vbc.be\/wp-content\/uploads\/2020\/11\/AIC-Heirbrant-VBC-begrafenisondernemer-pompes-funebres-Eco-9-300x120.png\" data-width=\"300\" data-height=\"120\" aria-label=\"Ecologische uitvaart Uitvaartzorg AIC HEIRBRANT VBC 02\/502.14.24\" role=\"img\" ><\/div>\n\t\t\t\t\t\t\t\t\t\t\t<div class=\"elementor-gallery-item__overlay\"><\/div>\n\t\t\t\t\t\t\t\t\t\t\t\t\t\t<\/a>\n\t\t\t\t\t\t\t<a class=\"e-gallery-item elementor-gallery-item elementor-animated-content\" href=\"https:\/\/www.aic-vbc.be\/wp-content\/uploads\/2020\/10\/Eco_1.jpg\" data-elementor-open-lightbox=\"yes\" data-elementor-lightbox-slideshow=\"f923a20\" data-elementor-lightbox-title=\"Fun\u00e9railles \u00e9cologique urne biodegradable AIC HEIRBRANT VBC\" data-elementor-lightbox-description=\"Fun\u00e9railles \u00e9cologique urne biodegradable AIC HEIRBRANT VBC\" data-e-action-hash=\"#elementor-action%3Aaction%3Dlightbox%26settings%3DeyJpZCI6MjE3MSwidXJsIjoiaHR0cHM6XC9cL3d3dy5haWMtdmJjLmJlXC93cC1jb250ZW50XC91cGxvYWRzXC8yMDIwXC8xMFwvRWNvXzEuanBnIiwic2xpZGVzaG93IjoiZjkyM2EyMCJ9\">\n\t\t\t\t\t<div class=\"e-gallery-image elementor-gallery-item__image\" data-thumbnail=\"https:\/\/www.aic-vbc.be\/wp-content\/uploads\/2020\/10\/Eco_1.jpg\" data-width=\"264\" data-height=\"294\" aria-label=\"Fun\u00e9railles \u00e9cologique urne biodegradable AIC HEIRBRANT VBC\" role=\"img\" ><\/div>\n\t\t\t\t\t\t\t\t\t\t\t<div class=\"elementor-gallery-item__overlay\"><\/div>\n\t\t\t\t\t\t\t\t\t\t\t\t\t\t<\/a>\n\t\t\t\t\t<\/div>\n\t\t\t\t\t<\/div>\n\t\t\t\t<\/div>\n\t\t\t\t<div class=\"elementor-element elementor-element-9c31cbe elementor-widget elementor-widget-text-editor\" data-id=\"9c31cbe\" data-element_type=\"widget\" data-widget_type=\"text-editor.default\">\n\t\t\t\t<div class=\"elementor-widget-container\">\n\t\t\t\t\t\t\t\t\t<p>En plus des cercueils \u00e9cologiques, A.I.C. propose \u00e9galement des\u00a0<span style=\"font-weight: bold;\">mod\u00e8les tress\u00e9s<\/span>. Ces cercueils tress\u00e9s sont compos\u00e9s de pandanus, de jacinthe d&rsquo;eau et de bambou. Ce sont des plantes \u00e0 croissance rapide et 100 % biod\u00e9gradables. Id\u00e9al pour un enterrement \u00e9cologique.<\/p><h2>Cercueil osier<\/h2><p>Dans un monde o\u00f9 la durabilit\u00e9 prend une importance croissante, le cercueil en osier \u00e9merge comme une option \u00e9l\u00e9gante et respectueuse pour un ultime adieu. For\u00e7ant un regard nouveau, ce choix allie beaut\u00e9 et \u00e9cologie. Fabriqu\u00e9s \u00e0 partir de mat\u00e9riaux naturels, les cercueils en osier incarnent un profond respect pour l\u2019environnement tout en offrant une esth\u00e9tique douce et chaleureuse. Ce mat\u00e9riau, souple et l\u00e9ger, permet \u00e9galement une personnalisation unique, t\u00e9moignant des histoires de vie et des souvenirs \u00e0 ch\u00e9rir. Optant pour un cercueil en osier, les familles font le choix d\u2019un hommage intime, en harmonie avec la nature.<\/p>\t\t\t\t\t\t\t\t<\/div>\n\t\t\t\t<\/div>\n\t\t\t\t<div class=\"elementor-element elementor-element-4ade68cb elementor-widget elementor-widget-gallery\" data-id=\"4ade68cb\" data-element_type=\"widget\" data-settings=\"{&quot;columns&quot;:&quot;5&quot;,&quot;lazyload&quot;:&quot;yes&quot;,&quot;gallery_layout&quot;:&quot;grid&quot;,&quot;columns_tablet&quot;:2,&quot;columns_mobile&quot;:1,&quot;gap&quot;:{&quot;unit&quot;:&quot;px&quot;,&quot;size&quot;:10,&quot;sizes&quot;:[]},&quot;gap_tablet&quot;:{&quot;unit&quot;:&quot;px&quot;,&quot;size&quot;:10,&quot;sizes&quot;:[]},&quot;gap_mobile&quot;:{&quot;unit&quot;:&quot;px&quot;,&quot;size&quot;:10,&quot;sizes&quot;:[]},&quot;link_to&quot;:&quot;file&quot;,&quot;aspect_ratio&quot;:&quot;3:2&quot;,&quot;overlay_background&quot;:&quot;yes&quot;,&quot;content_hover_animation&quot;:&quot;fade-in&quot;}\" data-widget_type=\"gallery.default\">\n\t\t\t\t<div class=\"elementor-widget-container\">\n\t\t\t\t\t\t\t<div class=\"elementor-gallery__container\">\n\t\t\t\t\t\t\t<a class=\"e-gallery-item elementor-gallery-item elementor-animated-content\" href=\"https:\/\/www.aic-vbc.be\/wp-content\/uploads\/2020\/10\/AIC-Heirbrant-VBC-begrafenisondernemer-pompes-funbres-Eco-3.png\" data-elementor-open-lightbox=\"yes\" data-elementor-lightbox-slideshow=\"4ade68cb\" data-elementor-lightbox-title=\"Rieten kist AIC HEIRBRANT VBC Begrafenisondernemer\" data-e-action-hash=\"#elementor-action%3Aaction%3Dlightbox%26settings%3DeyJpZCI6MjA3MCwidXJsIjoiaHR0cHM6XC9cL3d3dy5haWMtdmJjLmJlXC93cC1jb250ZW50XC91cGxvYWRzXC8yMDIwXC8xMFwvQUlDLUhlaXJicmFudC1WQkMtYmVncmFmZW5pc29uZGVybmVtZXItcG9tcGVzLWZ1bmJyZXMtRWNvLTMucG5nIiwic2xpZGVzaG93IjoiNGFkZTY4Y2IifQ%3D%3D\">\n\t\t\t\t\t<div class=\"e-gallery-image elementor-gallery-item__image\" data-thumbnail=\"https:\/\/www.aic-vbc.be\/wp-content\/uploads\/2020\/10\/AIC-Heirbrant-VBC-begrafenisondernemer-pompes-funbres-Eco-3-300x179.png\" data-width=\"300\" data-height=\"179\" aria-label=\"Rieten kist AIC HEIRBRANT VBC Begrafenisondernemer\" role=\"img\" ><\/div>\n\t\t\t\t\t\t\t\t\t\t\t<div class=\"elementor-gallery-item__overlay\"><\/div>\n\t\t\t\t\t\t\t\t\t\t\t\t\t\t<\/a>\n\t\t\t\t\t\t\t<a class=\"e-gallery-item elementor-gallery-item elementor-animated-content\" href=\"https:\/\/www.aic-vbc.be\/wp-content\/uploads\/2020\/10\/AIC-Heirbrant-VBC-begrafenisondernemer-pompes-funbres-Eco-4.png\" data-elementor-open-lightbox=\"yes\" data-elementor-lightbox-slideshow=\"4ade68cb\" data-elementor-lightbox-title=\"Rieten kist AIC HEIRBRANT VBC Begrafenisondernemer\" data-e-action-hash=\"#elementor-action%3Aaction%3Dlightbox%26settings%3DeyJpZCI6MjA3MiwidXJsIjoiaHR0cHM6XC9cL3d3dy5haWMtdmJjLmJlXC93cC1jb250ZW50XC91cGxvYWRzXC8yMDIwXC8xMFwvQUlDLUhlaXJicmFudC1WQkMtYmVncmFmZW5pc29uZGVybmVtZXItcG9tcGVzLWZ1bmJyZXMtRWNvLTQucG5nIiwic2xpZGVzaG93IjoiNGFkZTY4Y2IifQ%3D%3D\">\n\t\t\t\t\t<div class=\"e-gallery-image elementor-gallery-item__image\" data-thumbnail=\"https:\/\/www.aic-vbc.be\/wp-content\/uploads\/2020\/10\/AIC-Heirbrant-VBC-begrafenisondernemer-pompes-funbres-Eco-4-300x144.png\" data-width=\"300\" data-height=\"144\" aria-label=\"Rieten kist AIC HEIRBRANT VBC Begrafenisondernemer\" role=\"img\" ><\/div>\n\t\t\t\t\t\t\t\t\t\t\t<div class=\"elementor-gallery-item__overlay\"><\/div>\n\t\t\t\t\t\t\t\t\t\t\t\t\t\t<\/a>\n\t\t\t\t\t\t\t<a class=\"e-gallery-item elementor-gallery-item elementor-animated-content\" href=\"https:\/\/www.aic-vbc.be\/wp-content\/uploads\/2020\/10\/AIC-Heirbrant-VBC-begrafenisondernemer-pompes-funbres-Eco-5.png\" data-elementor-open-lightbox=\"yes\" data-elementor-lightbox-slideshow=\"4ade68cb\" data-elementor-lightbox-title=\"Rieten kist Begrafenisonderneming AIC HEIRBRANT VBC\" data-e-action-hash=\"#elementor-action%3Aaction%3Dlightbox%26settings%3DeyJpZCI6MjA3NCwidXJsIjoiaHR0cHM6XC9cL3d3dy5haWMtdmJjLmJlXC93cC1jb250ZW50XC91cGxvYWRzXC8yMDIwXC8xMFwvQUlDLUhlaXJicmFudC1WQkMtYmVncmFmZW5pc29uZGVybmVtZXItcG9tcGVzLWZ1bmJyZXMtRWNvLTUucG5nIiwic2xpZGVzaG93IjoiNGFkZTY4Y2IifQ%3D%3D\">\n\t\t\t\t\t<div class=\"e-gallery-image elementor-gallery-item__image\" data-thumbnail=\"https:\/\/www.aic-vbc.be\/wp-content\/uploads\/2020\/10\/AIC-Heirbrant-VBC-begrafenisondernemer-pompes-funbres-Eco-5-300x172.png\" data-width=\"300\" data-height=\"172\" aria-label=\"Rieten kist Begrafenisonderneming AIC HEIRBRANT VBC\" role=\"img\" ><\/div>\n\t\t\t\t\t\t\t\t\t\t\t<div class=\"elementor-gallery-item__overlay\"><\/div>\n\t\t\t\t\t\t\t\t\t\t\t\t\t\t<\/a>\n\t\t\t\t\t\t\t<a class=\"e-gallery-item elementor-gallery-item elementor-animated-content\" href=\"https:\/\/www.aic-vbc.be\/wp-content\/uploads\/2020\/10\/AIC-Heirbrant-VBC-begrafenisondernemer-pompes-funbres-Eco-6.png\" data-elementor-open-lightbox=\"yes\" data-elementor-lightbox-slideshow=\"4ade68cb\" data-elementor-lightbox-title=\"Rieten kist Begrafenisonderneming AIC HEIRBRANT VBC\" data-e-action-hash=\"#elementor-action%3Aaction%3Dlightbox%26settings%3DeyJpZCI6MjA3NywidXJsIjoiaHR0cHM6XC9cL3d3dy5haWMtdmJjLmJlXC93cC1jb250ZW50XC91cGxvYWRzXC8yMDIwXC8xMFwvQUlDLUhlaXJicmFudC1WQkMtYmVncmFmZW5pc29uZGVybmVtZXItcG9tcGVzLWZ1bmJyZXMtRWNvLTYucG5nIiwic2xpZGVzaG93IjoiNGFkZTY4Y2IifQ%3D%3D\">\n\t\t\t\t\t<div class=\"e-gallery-image elementor-gallery-item__image\" data-thumbnail=\"https:\/\/www.aic-vbc.be\/wp-content\/uploads\/2020\/10\/AIC-Heirbrant-VBC-begrafenisondernemer-pompes-funbres-Eco-6-300x133.png\" data-width=\"300\" data-height=\"133\" aria-label=\"Rieten kist Begrafenisonderneming AIC HEIRBRANT VBC\" role=\"img\" ><\/div>\n\t\t\t\t\t\t\t\t\t\t\t<div class=\"elementor-gallery-item__overlay\"><\/div>\n\t\t\t\t\t\t\t\t\t\t\t\t\t\t<\/a>\n\t\t\t\t\t\t\t<a class=\"e-gallery-item elementor-gallery-item elementor-animated-content\" href=\"https:\/\/www.aic-vbc.be\/wp-content\/uploads\/2025\/03\/Cercueil-osier-AIC-HEIRBRANT-VBC-Pompes-funebres.png\" data-elementor-open-lightbox=\"yes\" data-elementor-lightbox-slideshow=\"4ade68cb\" data-elementor-lightbox-title=\"Cercueil osier AIC HEIRBRANT VBC Pompes fun\u00e8bres\" data-e-action-hash=\"#elementor-action%3Aaction%3Dlightbox%26settings%3DeyJpZCI6MTczMjcsInVybCI6Imh0dHBzOlwvXC93d3cuYWljLXZiYy5iZVwvd3AtY29udGVudFwvdXBsb2Fkc1wvMjAyNVwvMDNcL0NlcmN1ZWlsLW9zaWVyLUFJQy1IRUlSQlJBTlQtVkJDLVBvbXBlcy1mdW5lYnJlcy5wbmciLCJzbGlkZXNob3ciOiI0YWRlNjhjYiJ9\">\n\t\t\t\t\t<div class=\"e-gallery-image elementor-gallery-item__image\" data-thumbnail=\"https:\/\/www.aic-vbc.be\/wp-content\/uploads\/2025\/03\/Cercueil-osier-AIC-HEIRBRANT-VBC-Pompes-funebres-300x138.png\" data-width=\"300\" data-height=\"138\" aria-label=\"Cercueil osier AIC HEIRBRANT VBC Pompes fun\u00e8bres\" role=\"img\" ><\/div>\n\t\t\t\t\t\t\t\t\t\t\t<div class=\"elementor-gallery-item__overlay\"><\/div>\n\t\t\t\t\t\t\t\t\t\t\t\t\t\t<\/a>\n\t\t\t\t\t<\/div>\n\t\t\t\t\t<\/div>\n\t\t\t\t<\/div>\n\t\t\t\t<div class=\"elementor-element elementor-element-21418ec elementor-widget elementor-widget-text-editor\" data-id=\"21418ec\" data-element_type=\"widget\" data-widget_type=\"text-editor.default\">\n\t\t\t\t<div class=\"elementor-widget-container\">\n\t\t\t\t\t\t\t\t\t<h3 style=\"text-align: center;\">Toute la gamme est s\u00e9lectionn\u00e9e par nos soins pour leur qualit\u00e9 et originalit\u00e9.<\/h3>\t\t\t\t\t\t\t\t<\/div>\n\t\t\t\t<\/div>\n\t\t\t\t<div class=\"elementor-element elementor-element-21f379ae elementor-align-center elementor-widget elementor-widget-raven-button\" data-id=\"21f379ae\" data-element_type=\"widget\" data-widget_type=\"raven-button.default\">\n\t\t\t\t<div class=\"elementor-widget-container\">\n\t\t\t\t\t\t\t<div class=\"raven-widget-wrapper\">\n\t\t\t<a class=\"raven-button raven-button-link\" href=\"https:\/\/funico.international\/_BE\/collection\/33530\/4b6e3e4649105d9aaccfff454d712e40\">\n\t\t\t\t<span class=\"raven-button-content\">\n\t\t\t\t\t\t\t\t\t\t\t<span class=\"raven-button-icon raven-button-align-icon-left\">\n\t\t\t\t\t\t<i aria-hidden=\"true\" class=\"far fa-folder-open\"><\/i>\t\t\t\t\t\t<\/span>\n\t\t\t\t\t\t\t\t\t\t<span class=\"raven-button-text\">\n\t\t\t\t\t\tGamme cercueils ECO\t\t\t\t\t\t\t\t\t\t\t<\/span>\n\t\t\t\t<\/span>\n\t\t\t<\/a>\n\t\t<\/div>\n\t\t\t\t\t\t<\/div>\n\t\t\t\t<\/div>\n\t\t\t\t<div class=\"elementor-element elementor-element-44ad837 elementor-widget elementor-widget-image\" data-id=\"44ad837\" data-element_type=\"widget\" data-widget_type=\"image.default\">\n\t\t\t\t<div class=\"elementor-widget-container\">\n\t\t\t\t\t\t\t\t\t\t\t\t\t\t\t<img fetchpriority=\"high\" decoding=\"async\" width=\"600\" height=\"277\" src=\"https:\/\/www.aic-vbc.be\/wp-content\/uploads\/2026\/04\/osier-21-Brigitte-Bardot-600x277.png\" class=\"attachment-woocommerce_single size-woocommerce_single wp-image-18784\" alt=\"Cercueil osier Pompes fun\u00e8bres AIC HEIRBRANT\" srcset=\"https:\/\/www.aic-vbc.be\/wp-content\/uploads\/2026\/04\/osier-21-Brigitte-Bardot-600x277.png 600w, https:\/\/www.aic-vbc.be\/wp-content\/uploads\/2026\/04\/osier-21-Brigitte-Bardot-300x138.png 300w, https:\/\/www.aic-vbc.be\/wp-content\/uploads\/2026\/04\/osier-21-Brigitte-Bardot-1024x472.png 1024w, https:\/\/www.aic-vbc.be\/wp-content\/uploads\/2026\/04\/osier-21-Brigitte-Bardot-768x354.png 768w, https:\/\/www.aic-vbc.be\/wp-content\/uploads\/2026\/04\/osier-21-Brigitte-Bardot-1536x708.png 1536w, https:\/\/www.aic-vbc.be\/wp-content\/uploads\/2026\/04\/osier-21-Brigitte-Bardot.png 2010w\" sizes=\"(max-width: 600px) 100vw, 600px\" \/>\t\t\t\t\t\t\t\t\t\t\t\t\t\t\t<\/div>\n\t\t\t\t<\/div>\n\t\t\t\t\t<\/div>\n\t\t<\/div>\n\t\t\t\t\t<\/div>\n\t\t<\/section>\n\t\t\t\t<section class=\"elementor-section elementor-top-section elementor-element elementor-element-84f0666 elementor-section-stretched elementor-section-boxed elementor-section-height-default elementor-section-height-default\" data-id=\"84f0666\" data-element_type=\"section\" data-settings=\"{&quot;stretch_section&quot;:&quot;section-stretched&quot;,&quot;jet_parallax_layout_list&quot;:[{&quot;jet_parallax_layout_image&quot;:{&quot;url&quot;:&quot;&quot;,&quot;id&quot;:&quot;&quot;,&quot;size&quot;:&quot;&quot;},&quot;_id&quot;:&quot;39e6c11&quot;,&quot;jet_parallax_layout_speed&quot;:{&quot;unit&quot;:&quot;%&quot;,&quot;size&quot;:&quot;50&quot;,&quot;sizes&quot;:[]},&quot;jet_parallax_layout_bg_x&quot;:&quot;50&quot;,&quot;jet_parallax_layout_bg_y&quot;:&quot;50&quot;,&quot;jet_parallax_layout_image_tablet&quot;:{&quot;url&quot;:&quot;&quot;,&quot;id&quot;:&quot;&quot;,&quot;size&quot;:&quot;&quot;},&quot;jet_parallax_layout_image_mobile&quot;:{&quot;url&quot;:&quot;&quot;,&quot;id&quot;:&quot;&quot;,&quot;size&quot;:&quot;&quot;},&quot;jet_parallax_layout_type&quot;:&quot;scroll&quot;,&quot;jet_parallax_layout_direction&quot;:null,&quot;jet_parallax_layout_fx_direction&quot;:null,&quot;jet_parallax_layout_z_index&quot;:&quot;&quot;,&quot;jet_parallax_layout_bg_x_tablet&quot;:&quot;&quot;,&quot;jet_parallax_layout_bg_x_mobile&quot;:&quot;&quot;,&quot;jet_parallax_layout_bg_y_tablet&quot;:&quot;&quot;,&quot;jet_parallax_layout_bg_y_mobile&quot;:&quot;&quot;,&quot;jet_parallax_layout_bg_size&quot;:&quot;auto&quot;,&quot;jet_parallax_layout_bg_size_tablet&quot;:&quot;&quot;,&quot;jet_parallax_layout_bg_size_mobile&quot;:&quot;&quot;,&quot;jet_parallax_layout_animation_prop&quot;:&quot;transform&quot;,&quot;jet_parallax_layout_on&quot;:[&quot;desktop&quot;,&quot;tablet&quot;]}]}\">\n\t\t\t\t\t\t<div class=\"elementor-container elementor-column-gap-default\">\n\t\t\t\t\t<div class=\"elementor-column elementor-col-100 elementor-top-column elementor-element elementor-element-0327f76\" data-id=\"0327f76\" data-element_type=\"column\">\n\t\t\t<div class=\"elementor-widget-wrap elementor-element-populated\">\n\t\t\t\t\t\t<div class=\"elementor-element elementor-element-f9ca43d elementor-widget elementor-widget-text-editor\" data-id=\"f9ca43d\" data-element_type=\"widget\" data-widget_type=\"text-editor.default\">\n\t\t\t\t<div class=\"elementor-widget-container\">\n\t\t\t\t\t\t\t\t\t<h2>L&rsquo;environnement<\/h2><p>L&rsquo;environnement joue un r\u00f4le de plus en plus important dans notre cadre de vie, ce qui rend le choix d&rsquo;un cercueil en bois massif de plus en plus logique. En effet, avec un cercueil massif, on choisit une mati\u00e8re premi\u00e8re naturelle.<\/p><h2>Pour chaque arbre abattu, de nouveaux arbres sont plant\u00e9s<\/h2><p>La plantation continue pour la fabrication de ce type de cercueil augmente encore le stock forestier. En outre, le cycle de croissance du peuplier et du pin est plus rapide que celui d&rsquo;autres types de bois, ce qui fait de l&rsquo;abattage et de la replantation des for\u00eats un processus continu.<\/p>\t\t\t\t\t\t\t\t<\/div>\n\t\t\t\t<\/div>\n\t\t\t\t<div class=\"elementor-element elementor-element-2929990 elementor-align-center elementor-widget elementor-widget-raven-button\" data-id=\"2929990\" data-element_type=\"widget\" data-widget_type=\"raven-button.default\">\n\t\t\t\t<div class=\"elementor-widget-container\">\n\t\t\t\t\t\t\t<div class=\"raven-widget-wrapper\">\n\t\t\t<a class=\"raven-button raven-button-link\" href=\"https:\/\/aic-vbc.be\/contact\/\">\n\t\t\t\t<span class=\"raven-button-content\">\n\t\t\t\t\t\t\t\t\t\t<span class=\"raven-button-text\">\n\t\t\t\t\t\tContact\t\t\t\t\t\t\t\t\t\t\t<\/span>\n\t\t\t\t<\/span>\n\t\t\t<\/a>\n\t\t<\/div>\n\t\t\t\t\t\t<\/div>\n\t\t\t\t<\/div>\n\t\t\t\t<div class=\"elementor-element elementor-element-5b67807 elementor-widget elementor-widget-text-editor\" data-id=\"5b67807\" data-element_type=\"widget\" data-widget_type=\"text-editor.default\">\n\t\t\t\t<div class=\"elementor-widget-container\">\n\t\t\t\t\t\t\t\t\t<h2>L&rsquo;urne biod\u00e9gradable<\/h2><p>Les urnes biod\u00e9gradables sont compos\u00e9es de mat\u00e9riaux organiques qui se d\u00e9composent compl\u00e8tement dans le sol au fil du temps. Les avantages de l&rsquo;utilisation d&rsquo;urnes biod\u00e9gradables sont nombreux. Ces urnes peuvent \u00eatre utilis\u00e9es pour faire pousser des arbres, cr\u00e9ant ainsi un h\u00e9ritage tangible.\u00a0Si vous cherchez une solution durable pour conserver les cendres d&rsquo;un \u00eatre cher, optez pour une urne biod\u00e9gradable. Ce choix respectueux de l&rsquo;environnement offre non seulement un moyen d&rsquo;int\u00e9grer la durabilit\u00e9 dans la mort, mais aussi un beau souvenir d&rsquo;un \u00eatre cher.<\/p><h2>Avantages d&rsquo;une urne biod\u00e9gradable<\/h2><p>Au lieu d&rsquo;utiliser du plastique, ces urnes sont fabriqu\u00e9es \u00e0 partir de substances naturelles et organiques qui se d\u00e9composent compl\u00e8tement avec le temps.<br \/>Un autre avantage important est la possibilit\u00e9 d&rsquo;utiliser l&rsquo;urne comme une sorte de pot de semence pour les arbres ou les plantes. De nombreuses personnes choisissent de combiner leurs cendres avec de la terre et des graines, ce qui permet de conserver un souvenir vivant de l&rsquo;\u00eatre cher d\u00e9c\u00e9d\u00e9. Planter un arbre ou une fleur peut \u00eatre un geste symbolique qui souligne le cycle de la vie et de la mort. Il s&rsquo;agit non seulement d&rsquo;un lieu de deuil, mais aussi d&rsquo;un moyen d&#8217;embrasser et de soutenir la nature. Cela apporte \u00e9galement un sentiment de r\u00e9confort et d&rsquo;espoir \u00e0 ceux qui restent.<\/p><p>En outre, les urnes biod\u00e9gradables sont souvent esth\u00e9tiques et peuvent \u00eatre trouv\u00e9es dans une vari\u00e9t\u00e9 de designs et de styles. Les familles ont ainsi la possibilit\u00e9 de choisir une urne qui corresponde \u00e0 la personnalit\u00e9 de leur proche. Le choix d&rsquo;une urne qui n&rsquo;est pas seulement fonctionnelle, mais aussi belle, garantit un souvenir digne et affectueux. C&rsquo;est une fa\u00e7on de c\u00e9l\u00e9brer la vie d&rsquo;une personne, tout en contribuant \u00e0 la sant\u00e9 de la terre.<\/p><h2>Types d&rsquo;urnes biod\u00e9gradables<\/h2><p>Il existe plusieurs types d&rsquo;urnes biod\u00e9gradables, chacune pr\u00e9sentant des caract\u00e9ristiques et des avantages uniques. Les urnes en bambou constituent un choix populaire. Le bambou est une plante \u00e0 croissance rapide connue pour sa durabilit\u00e9. Les urnes en bambou sont robustes et peuvent \u00eatre joliment con\u00e7ues. Elles offrent un aspect \u00e9l\u00e9gant et naturel, parfait pour ceux qui recherchent une alternative esth\u00e9tique.<\/p><p>Il existe \u00e9galement des urnes en papier m\u00e2ch\u00e9, fabriqu\u00e9es \u00e0 partir de papier recycl\u00e9 et d&rsquo;autres mat\u00e9riaux naturels. Ces urnes sont l\u00e9g\u00e8res et peuvent \u00eatre fabriqu\u00e9es dans diff\u00e9rentes formes et diff\u00e9rents motifs. Elles sont souvent fabriqu\u00e9es \u00e0 la main et peuvent \u00eatre personnalis\u00e9es, offrant ainsi une fa\u00e7on unique d&rsquo;honorer la m\u00e9moire d&rsquo;un \u00eatre cher. Les urnes en papier m\u00e2ch\u00e9 sont \u00e9galement enti\u00e8rement compostables, ce qui ajoute \u00e0 leurs avantages \u00e9cologiques.<\/p><p>Les urnes con\u00e7ues sp\u00e9cialement pour la plantation d&rsquo;arbres constituent une autre option. Ces urnes contiennent une enveloppe biod\u00e9gradable qui renferme les cendres et les graines, permettant ainsi \u00e0 un arbre de pousser en m\u00e9moire du d\u00e9funt. Ce type d&rsquo;urne est particuli\u00e8rement appr\u00e9ci\u00e9 par les personnes qui ont un lien fort avec la nature et qui souhaitent laisser un h\u00e9ritage durable.<\/p><h2>Pourquoi choisir une urne biod\u00e9gradable ?<\/h2><p>Le choix d&rsquo;une urne biod\u00e9gradable n&rsquo;est pas seulement un choix \u00e9cologique, c&rsquo;est aussi un geste \u00e9motionnel et symbolique. Pour de nombreuses personnes, il est important d&rsquo;envisager une option durable qui minimise l&rsquo;impact de leurs derni\u00e8res volont\u00e9s sur la terre. L&rsquo;utilisation d&rsquo;une urne biod\u00e9gradable montre que nous nous soucions de notre plan\u00e8te, m\u00eame dans nos derniers instants, et que nous voulons prot\u00e9ger les g\u00e9n\u00e9rations qui nous succ\u00e9deront.<\/p><p>De plus, ce choix offre une belle fa\u00e7on de garder vivant le souvenir d&rsquo;un \u00eatre cher. L&rsquo;id\u00e9e que les cendres d&rsquo;un \u00eatre cher puissent contribuer \u00e0 la croissance d&rsquo;un arbre ou d&rsquo;une autre plante peut \u00eatre une source de r\u00e9confort pour de nombreuses personnes. Cela symbolise le cycle de la vie et de la mort et nous rappelle que nous faisons tous partie de la nature. La fin d&rsquo;une vie peut donc \u00eatre consid\u00e9r\u00e9e comme un nouveau d\u00e9part pour la nature.<\/p><h2>Conclusion : fun\u00e9railles \u00e9cologiques et durabilit\u00e9<\/h2><p>La durabilit\u00e9 dans la mort est un sujet important et croissant qui nous encourage \u00e0 r\u00e9fl\u00e9chir aux choix que nous faisons, tant dans la vie que dans la mort. L&rsquo;utilisation d&rsquo;urnes biod\u00e9gradables est un moyen magnifique et \u00e9cologique d&rsquo;honorer nos proches, tout en minimisant l&rsquo;impact sur notre plan\u00e8te. En choisissant une option durable pour le traitement des cendres d&rsquo;une personne d\u00e9c\u00e9d\u00e9e, nous contribuons non seulement \u00e0 une terre plus propre, mais nous cr\u00e9ons \u00e9galement un m\u00e9morial durable qui vit dans la nature.<\/p><p>Les avantages des urnes biod\u00e9gradables sont nombreux et vont au-del\u00e0 des avantages \u00e9cologiques. Elles nous aident \u00e0 comprendre le cycle de la vie et de la mort et nous offrent un moyen de renforcer notre lien avec la nature. Avec l&rsquo;essor du d\u00e9veloppement durable dans l&rsquo;industrie fun\u00e9raire, il existe aujourd&rsquo;hui plus d&rsquo;options que jamais pour faire un choix aimant et respectueux.<br \/>Lorsque nous r\u00e9fl\u00e9chissons \u00e0 nos derni\u00e8res volont\u00e9s, nous devons prendre conscience que chacun de nos choix a un impact. Le choix d&rsquo;une urne biod\u00e9gradable n&rsquo;est pas seulement une d\u00e9cision pratique, c&rsquo;est aussi l&rsquo;occasion de refl\u00e9ter nos valeurs et de laisser un h\u00e9ritage positif aux g\u00e9n\u00e9rations futures. C&rsquo;est une fa\u00e7on de ch\u00e9rir l&rsquo;amour et les souvenirs de nos proches tout en contribuant \u00e0 la sant\u00e9 de notre plan\u00e8te..<\/p>\t\t\t\t\t\t\t\t<\/div>\n\t\t\t\t<\/div>\n\t\t\t\t<div class=\"elementor-element elementor-element-d7462f6 elementor-align-center elementor-widget elementor-widget-raven-button\" data-id=\"d7462f6\" data-element_type=\"widget\" data-widget_type=\"raven-button.default\">\n\t\t\t\t<div class=\"elementor-widget-container\">\n\t\t\t\t\t\t\t<div class=\"raven-widget-wrapper\">\n\t\t\t<a class=\"raven-button raven-button-link\" href=\"https:\/\/aic-vbc.be\/contact\/\">\n\t\t\t\t<span class=\"raven-button-content\">\n\t\t\t\t\t\t\t\t\t\t<span class=\"raven-button-text\">\n\t\t\t\t\t\tContact\t\t\t\t\t\t\t\t\t\t\t<\/span>\n\t\t\t\t<\/span>\n\t\t\t<\/a>\n\t\t<\/div>\n\t\t\t\t\t\t<\/div>\n\t\t\t\t<\/div>\n\t\t\t\t\t<\/div>\n\t\t<\/div>\n\t\t\t\t\t<\/div>\n\t\t<\/section>\n\t\t\t\t<section class=\"elementor-section elementor-top-section elementor-element elementor-element-0dfc046 elementor-section-boxed elementor-section-height-default elementor-section-height-default\" data-id=\"0dfc046\" data-element_type=\"section\" data-settings=\"{&quot;jet_parallax_layout_list&quot;:[]}\">\n\t\t\t\t\t\t<div class=\"elementor-container elementor-column-gap-default\">\n\t\t\t\t\t<div class=\"elementor-column elementor-col-100 elementor-top-column elementor-element elementor-element-4487ed4\" data-id=\"4487ed4\" data-element_type=\"column\">\n\t\t\t<div class=\"elementor-widget-wrap elementor-element-populated\">\n\t\t\t\t\t\t<div class=\"elementor-element elementor-element-084dc42 elementor-widget-divider--view-line elementor-widget elementor-widget-divider\" data-id=\"084dc42\" data-element_type=\"widget\" data-widget_type=\"divider.default\">\n\t\t\t\t<div class=\"elementor-widget-container\">\n\t\t\t\t\t\t\t<div class=\"elementor-divider\">\n\t\t\t<span class=\"elementor-divider-separator\">\n\t\t\t\t\t\t<\/span>\n\t\t<\/div>\n\t\t\t\t\t\t<\/div>\n\t\t\t\t<\/div>\n\t\t\t\t\t<\/div>\n\t\t<\/div>\n\t\t\t\t\t<\/div>\n\t\t<\/section>\n\t\t\t\t<section class=\"elementor-section elementor-top-section elementor-element elementor-element-3aa8553 elementor-section-boxed elementor-section-height-default elementor-section-height-default\" data-id=\"3aa8553\" data-element_type=\"section\" data-settings=\"{&quot;jet_parallax_layout_list&quot;:[]}\">\n\t\t\t\t\t\t<div class=\"elementor-container elementor-column-gap-default\">\n\t\t\t\t\t<div class=\"elementor-column elementor-col-100 elementor-top-column elementor-element elementor-element-bbca591\" data-id=\"bbca591\" data-element_type=\"column\">\n\t\t\t<div class=\"elementor-widget-wrap elementor-element-populated\">\n\t\t\t\t\t\t<div class=\"elementor-element elementor-element-31969e2 elementor-widget elementor-widget-text-editor\" data-id=\"31969e2\" data-element_type=\"widget\" data-widget_type=\"text-editor.default\">\n\t\t\t\t<div class=\"elementor-widget-container\">\n\t\t\t\t\t\t\t\t\t<h2>L&rsquo;importance de l&rsquo;\u00e9cologie dans notre vie quotidienne\u00a0<\/h2><h3>5 raisons de prendre soin de notre plan\u00e8te<\/h3><p>Quelle est l&rsquo;importance de l&rsquo;\u00e9cologie dans notre vie quotidienne ? La r\u00e9ponse est : tr\u00e8s importante. Notre plan\u00e8te est notre maison et il est essentiel d&rsquo;en prendre soin. Nous allons examiner les 5 raisons pour lesquelles il est si important de se pr\u00e9occuper de notre plan\u00e8te et de son \u00e9cologie.<\/p><p>Tout d&rsquo;abord, l&rsquo;\u00e9cologie joue un r\u00f4le important dans la pr\u00e9servation de notre environnement. Elle nous permet de respirer de l&rsquo;air pur, de boire de l&rsquo;eau propre et de nous sentir en s\u00e9curit\u00e9 dans notre environnement. Sans une \u00e9cologie saine, ces \u00e9l\u00e9ments essentiels de notre vie quotidienne seraient menac\u00e9s.<\/p><p>Deuxi\u00e8mement, l&rsquo;\u00e9cologie influe sur notre sant\u00e9 et notre bien-\u00eatre. Des \u00e9cosyst\u00e8mes sains favorisent la biodiversit\u00e9 et enrichissent notre environnement de verdure et de beaut\u00e9 naturelle. Cela peut r\u00e9duire notre stress et am\u00e9liorer notre bien-\u00eatre mental.<\/p><p>Troisi\u00e8mement, l&rsquo;\u00e9cologie pr\u00e9sente \u00e9galement des avantages \u00e9conomiques. Les pratiques commerciales durables et les initiatives \u00e9cologiques cr\u00e9ent de nouveaux emplois et stimulent la croissance \u00e9conomique.\u00a0<\/p><p>En bref, l&rsquo;\u00e9cologie touche tous les aspects de notre vie, de la sant\u00e9 de notre plan\u00e8te \u00e0 notre propre sant\u00e9 et \u00e0 notre bien-\u00eatre.<\/p><p><strong><a href=\"https:\/\/www.aic-vbc.be\/fr\/\">HOME<\/a><\/strong><\/p><p><strong><a href=\"https:\/\/www.aic-vbc.be\/fr\/services-funeraires\/organisation-ceremonie-funeraire\/\">ORGANISATION<\/a> <a href=\"https:\/\/www.aic-vbc.be\/fr\/services-funeraires\/organisation-ceremonie-funeraire\/\">CEREMONIE<\/a><a href=\"https:\/\/www.aic-vbc.be\/fr\/services-funeraires\/organisation-ceremonie-funeraire\/\"> FUNERAIRE<\/a><\/strong><\/p>\t\t\t\t\t\t\t\t<\/div>\n\t\t\t\t<\/div>\n\t\t\t\t<div class=\"elementor-element elementor-element-b7c31d9 elementor-align-center elementor-widget elementor-widget-raven-button\" data-id=\"b7c31d9\" data-element_type=\"widget\" data-widget_type=\"raven-button.default\">\n\t\t\t\t<div class=\"elementor-widget-container\">\n\t\t\t\t\t\t\t<div class=\"raven-widget-wrapper\">\n\t\t\t<a class=\"raven-button raven-button-link\" href=\"https:\/\/aic-vbc.be\/contact\/\">\n\t\t\t\t<span class=\"raven-button-content\">\n\t\t\t\t\t\t\t\t\t\t<span class=\"raven-button-text\">\n\t\t\t\t\t\tContact\t\t\t\t\t\t\t\t\t\t\t<\/span>\n\t\t\t\t<\/span>\n\t\t\t<\/a>\n\t\t<\/div>\n\t\t\t\t\t\t<\/div>\n\t\t\t\t<\/div>\n\t\t\t\t\t<\/div>\n\t\t<\/div>\n\t\t\t\t\t<\/div>\n\t\t<\/section>\n\t\t\t\t<section class=\"elementor-section elementor-top-section elementor-element elementor-element-cb859e8 elementor-section-boxed elementor-section-height-default elementor-section-height-default\" data-id=\"cb859e8\" data-element_type=\"section\" data-settings=\"{&quot;jet_parallax_layout_list&quot;:[]}\">\n\t\t\t\t\t\t<div class=\"elementor-container elementor-column-gap-default\">\n\t\t\t\t\t<div class=\"elementor-column elementor-col-100 elementor-top-column elementor-element elementor-element-863923f\" data-id=\"863923f\" data-element_type=\"column\">\n\t\t\t<div class=\"elementor-widget-wrap elementor-element-populated\">\n\t\t\t\t\t\t<div class=\"elementor-element elementor-element-f365397 elementor-widget elementor-widget-image\" data-id=\"f365397\" data-element_type=\"widget\" data-widget_type=\"image.default\">\n\t\t\t\t<div class=\"elementor-widget-container\">\n\t\t\t\t\t\t\t\t\t\t\t\t\t\t\t<img decoding=\"async\" width=\"600\" height=\"291\" src=\"https:\/\/www.aic-vbc.be\/wp-content\/uploads\/2024\/10\/Cercueil-ecologique-AIC-HEIRBRANT-VBC-600x291.png\" class=\"attachment-woocommerce_single size-woocommerce_single wp-image-16740\" alt=\"Rieten kist Begrafenisonderneming AIC HEIRBRANT VBC\" srcset=\"https:\/\/www.aic-vbc.be\/wp-content\/uploads\/2024\/10\/Cercueil-ecologique-AIC-HEIRBRANT-VBC-600x291.png 600w, https:\/\/www.aic-vbc.be\/wp-content\/uploads\/2024\/10\/Cercueil-ecologique-AIC-HEIRBRANT-VBC-300x146.png 300w, https:\/\/www.aic-vbc.be\/wp-content\/uploads\/2024\/10\/Cercueil-ecologique-AIC-HEIRBRANT-VBC-1024x497.png 1024w, https:\/\/www.aic-vbc.be\/wp-content\/uploads\/2024\/10\/Cercueil-ecologique-AIC-HEIRBRANT-VBC-768x373.png 768w, https:\/\/www.aic-vbc.be\/wp-content\/uploads\/2024\/10\/Cercueil-ecologique-AIC-HEIRBRANT-VBC.png 1442w\" sizes=\"(max-width: 600px) 100vw, 600px\" \/>\t\t\t\t\t\t\t\t\t\t\t\t\t\t\t<\/div>\n\t\t\t\t<\/div>\n\t\t\t\t\t<\/div>\n\t\t<\/div>\n\t\t\t\t\t<\/div>\n\t\t<\/section>\n\t\t\t\t<\/div>\n\t\t","protected":false},"excerpt":{"rendered":"<p>Fun\u00e9railles \u00e9cologiques Home Nos services vert Fun\u00e9railles \u00e9cologiques Les fun\u00e9railles \u00e9cologiques sont de plus en plus important. Vous pouvez \u00e9galement tenir compte de votre empreinte \u00e9cologique en optant pour une inhumation ou une cr\u00e9mation. A.I.C. se fera un plaisir de vous donner des conseils professionnels concernant les fun\u00e9railles \u00e9cologique. En quoi consistent des fun\u00e9railles \u00e9cologiques [&hellip;]<\/p>\n","protected":false},"author":1,"featured_media":17327,"parent":852,"menu_order":0,"comment_status":"closed","ping_status":"closed","template":"elementor_header_footer","meta":{"_acf_changed":false,"inline_featured_image":false,"_exactmetrics_skip_tracking":false,"_exactmetrics_sitenote_active":false,"_exactmetrics_sitenote_note":"","_exactmetrics_sitenote_category":0,"footnotes":""},"class_list":["post-843","page","type-page","status-publish","has-post-thumbnail","hentry"],"acf":[],"yoast_head":"<!-- This site is optimized with the Yoast SEO plugin v27.0 - https:\/\/yoast.com\/product\/yoast-seo-wordpress\/ -->\n<title>Fun\u00e9railles \u00e9cologiques - Cercueil osier - Urne biod\u00e9gradable<\/title>\n<meta name=\"description\" content=\"Fun\u00e9railles \u00e9cologiques - Urne biod\u00e9gradable - Cercueils \u00e9cologique - AIC Heirbrant VBC - 24\/7 - 02\/502.14.24 - www.aic-vbc.be\" \/>\n<meta name=\"robots\" content=\"index, follow, max-snippet:-1, max-image-preview:large, max-video-preview:-1\" \/>\n<link rel=\"canonical\" href=\"https:\/\/www.aic-vbc.be\/fr\/nos-services\/funerailles-ecologiques\/\" \/>\n<meta property=\"og:locale\" content=\"fr_FR\" \/>\n<meta property=\"og:type\" content=\"article\" \/>\n<meta property=\"og:title\" content=\"Fun\u00e9railles \u00e9cologiques - Cercueil osier - Urne biod\u00e9gradable\" \/>\n<meta property=\"og:description\" content=\"Fun\u00e9railles \u00e9cologiques - Urne biod\u00e9gradable - Cercueils \u00e9cologique - AIC Heirbrant VBC - 24\/7 - 02\/502.14.24 - www.aic-vbc.be\" \/>\n<meta property=\"og:url\" content=\"https:\/\/www.aic-vbc.be\/fr\/nos-services\/funerailles-ecologiques\/\" \/>\n<meta property=\"og:site_name\" content=\"AIC HEIRBRANT VBC\" \/>\n<meta property=\"article:modified_time\" content=\"2026-04-14T16:03:22+00:00\" \/>\n<meta property=\"og:image\" content=\"https:\/\/www.aic-vbc.be\/wp-content\/uploads\/2025\/03\/Cercueil-osier-AIC-HEIRBRANT-VBC-Pompes-funebres-1024x472.png\" \/>\n\t<meta property=\"og:image:width\" content=\"1024\" \/>\n\t<meta property=\"og:image:height\" content=\"472\" \/>\n\t<meta property=\"og:image:type\" content=\"image\/png\" \/>\n<meta name=\"twitter:card\" content=\"summary_large_image\" \/>\n<meta name=\"twitter:label1\" content=\"Dur\u00e9e de lecture estim\u00e9e\" \/>\n\t<meta name=\"twitter:data1\" content=\"9 minutes\" \/>\n<script type=\"application\/ld+json\" class=\"yoast-schema-graph\">{\"@context\":\"https:\/\/schema.org\",\"@graph\":[{\"@type\":\"WebPage\",\"@id\":\"https:\/\/www.aic-vbc.be\/fr\/nos-services\/funerailles-ecologiques\/\",\"url\":\"https:\/\/www.aic-vbc.be\/fr\/nos-services\/funerailles-ecologiques\/\",\"name\":\"Fun\u00e9railles \u00e9cologiques - Cercueil osier - Urne biod\u00e9gradable\",\"isPartOf\":{\"@id\":\"\/#website\"},\"primaryImageOfPage\":{\"@id\":\"https:\/\/www.aic-vbc.be\/fr\/nos-services\/funerailles-ecologiques\/#primaryimage\"},\"image\":{\"@id\":\"https:\/\/www.aic-vbc.be\/fr\/nos-services\/funerailles-ecologiques\/#primaryimage\"},\"thumbnailUrl\":\"https:\/\/www.aic-vbc.be\/wp-content\/uploads\/2025\/03\/Cercueil-osier-AIC-HEIRBRANT-VBC-Pompes-funebres.png\",\"datePublished\":\"2020-08-03T13:07:22+00:00\",\"dateModified\":\"2026-04-14T16:03:22+00:00\",\"description\":\"Fun\u00e9railles \u00e9cologiques - Urne biod\u00e9gradable - Cercueils \u00e9cologique - AIC Heirbrant VBC - 24\/7 - 02\/502.14.24 - www.aic-vbc.be\",\"breadcrumb\":{\"@id\":\"https:\/\/www.aic-vbc.be\/fr\/nos-services\/funerailles-ecologiques\/#breadcrumb\"},\"inLanguage\":\"fr-FR\",\"potentialAction\":[{\"@type\":\"ReadAction\",\"target\":[\"https:\/\/www.aic-vbc.be\/fr\/nos-services\/funerailles-ecologiques\/\"]}]},{\"@type\":\"ImageObject\",\"inLanguage\":\"fr-FR\",\"@id\":\"https:\/\/www.aic-vbc.be\/fr\/nos-services\/funerailles-ecologiques\/#primaryimage\",\"url\":\"https:\/\/www.aic-vbc.be\/wp-content\/uploads\/2025\/03\/Cercueil-osier-AIC-HEIRBRANT-VBC-Pompes-funebres.png\",\"contentUrl\":\"https:\/\/www.aic-vbc.be\/wp-content\/uploads\/2025\/03\/Cercueil-osier-AIC-HEIRBRANT-VBC-Pompes-funebres.png\",\"width\":2010,\"height\":927,\"caption\":\"Cercueil osier AIC HEIRBRANT VBC Pompes fun\u00e8bres\"},{\"@type\":\"BreadcrumbList\",\"@id\":\"https:\/\/www.aic-vbc.be\/fr\/nos-services\/funerailles-ecologiques\/#breadcrumb\",\"itemListElement\":[{\"@type\":\"ListItem\",\"position\":1,\"name\":\"Home\",\"item\":\"https:\/\/www.aic-vbc.be\/fr\/\"},{\"@type\":\"ListItem\",\"position\":2,\"name\":\"Nos services\",\"item\":\"https:\/\/www.aic-vbc.be\/fr\/nos-services\/\"},{\"@type\":\"ListItem\",\"position\":3,\"name\":\"Fun\u00e9railles \u00e9cologiques\"}]},{\"@type\":\"WebSite\",\"@id\":\"\/#website\",\"url\":\"\/\",\"name\":\"AIC VBC\",\"description\":\"\",\"publisher\":{\"@id\":\"\/#organization\"},\"potentialAction\":[{\"@type\":\"SearchAction\",\"target\":{\"@type\":\"EntryPoint\",\"urlTemplate\":\"\/?s={search_term_string}\"},\"query-input\":{\"@type\":\"PropertyValueSpecification\",\"valueRequired\":true,\"valueName\":\"search_term_string\"}}],\"inLanguage\":\"fr-FR\"},{\"@type\":\"Organization\",\"@id\":\"\/#organization\",\"name\":\"AIC - HEIRBRANT - VBC\",\"url\":\"\/\",\"logo\":{\"@type\":\"ImageObject\",\"inLanguage\":\"fr-FR\",\"@id\":\"\/#\/schema\/logo\/image\/\",\"url\":\"https:\/\/www.aic-vbc.be\/wp-content\/uploads\/2020\/08\/AIC_Sfeerbeeld_01.jpg\",\"contentUrl\":\"https:\/\/www.aic-vbc.be\/wp-content\/uploads\/2020\/08\/AIC_Sfeerbeeld_01.jpg\",\"width\":1281,\"height\":854,\"caption\":\"AIC - HEIRBRANT - VBC\"},\"image\":{\"@id\":\"\/#\/schema\/logo\/image\/\"}}]}<\/script>\n<!-- \/ Yoast SEO plugin. -->","yoast_head_json":{"title":"Fun\u00e9railles \u00e9cologiques - Cercueil osier - Urne biod\u00e9gradable","description":"Fun\u00e9railles \u00e9cologiques - Urne biod\u00e9gradable - Cercueils \u00e9cologique - AIC Heirbrant VBC - 24\/7 - 02\/502.14.24 - www.aic-vbc.be","robots":{"index":"index","follow":"follow","max-snippet":"max-snippet:-1","max-image-preview":"max-image-preview:large","max-video-preview":"max-video-preview:-1"},"canonical":"https:\/\/www.aic-vbc.be\/fr\/nos-services\/funerailles-ecologiques\/","og_locale":"fr_FR","og_type":"article","og_title":"Fun\u00e9railles \u00e9cologiques - Cercueil osier - Urne biod\u00e9gradable","og_description":"Fun\u00e9railles \u00e9cologiques - Urne biod\u00e9gradable - Cercueils \u00e9cologique - AIC Heirbrant VBC - 24\/7 - 02\/502.14.24 - www.aic-vbc.be","og_url":"https:\/\/www.aic-vbc.be\/fr\/nos-services\/funerailles-ecologiques\/","og_site_name":"AIC HEIRBRANT VBC","article_modified_time":"2026-04-14T16:03:22+00:00","og_image":[{"width":1024,"height":472,"url":"https:\/\/www.aic-vbc.be\/wp-content\/uploads\/2025\/03\/Cercueil-osier-AIC-HEIRBRANT-VBC-Pompes-funebres-1024x472.png","type":"image\/png"}],"twitter_card":"summary_large_image","twitter_misc":{"Dur\u00e9e de lecture estim\u00e9e":"9 minutes"},"schema":{"@context":"https:\/\/schema.org","@graph":[{"@type":"WebPage","@id":"https:\/\/www.aic-vbc.be\/fr\/nos-services\/funerailles-ecologiques\/","url":"https:\/\/www.aic-vbc.be\/fr\/nos-services\/funerailles-ecologiques\/","name":"Fun\u00e9railles \u00e9cologiques - Cercueil osier - Urne biod\u00e9gradable","isPartOf":{"@id":"\/#website"},"primaryImageOfPage":{"@id":"https:\/\/www.aic-vbc.be\/fr\/nos-services\/funerailles-ecologiques\/#primaryimage"},"image":{"@id":"https:\/\/www.aic-vbc.be\/fr\/nos-services\/funerailles-ecologiques\/#primaryimage"},"thumbnailUrl":"https:\/\/www.aic-vbc.be\/wp-content\/uploads\/2025\/03\/Cercueil-osier-AIC-HEIRBRANT-VBC-Pompes-funebres.png","datePublished":"2020-08-03T13:07:22+00:00","dateModified":"2026-04-14T16:03:22+00:00","description":"Fun\u00e9railles \u00e9cologiques - Urne biod\u00e9gradable - Cercueils \u00e9cologique - AIC Heirbrant VBC - 24\/7 - 02\/502.14.24 - www.aic-vbc.be","breadcrumb":{"@id":"https:\/\/www.aic-vbc.be\/fr\/nos-services\/funerailles-ecologiques\/#breadcrumb"},"inLanguage":"fr-FR","potentialAction":[{"@type":"ReadAction","target":["https:\/\/www.aic-vbc.be\/fr\/nos-services\/funerailles-ecologiques\/"]}]},{"@type":"ImageObject","inLanguage":"fr-FR","@id":"https:\/\/www.aic-vbc.be\/fr\/nos-services\/funerailles-ecologiques\/#primaryimage","url":"https:\/\/www.aic-vbc.be\/wp-content\/uploads\/2025\/03\/Cercueil-osier-AIC-HEIRBRANT-VBC-Pompes-funebres.png","contentUrl":"https:\/\/www.aic-vbc.be\/wp-content\/uploads\/2025\/03\/Cercueil-osier-AIC-HEIRBRANT-VBC-Pompes-funebres.png","width":2010,"height":927,"caption":"Cercueil osier AIC HEIRBRANT VBC Pompes fun\u00e8bres"},{"@type":"BreadcrumbList","@id":"https:\/\/www.aic-vbc.be\/fr\/nos-services\/funerailles-ecologiques\/#breadcrumb","itemListElement":[{"@type":"ListItem","position":1,"name":"Home","item":"https:\/\/www.aic-vbc.be\/fr\/"},{"@type":"ListItem","position":2,"name":"Nos services","item":"https:\/\/www.aic-vbc.be\/fr\/nos-services\/"},{"@type":"ListItem","position":3,"name":"Fun\u00e9railles \u00e9cologiques"}]},{"@type":"WebSite","@id":"\/#website","url":"\/","name":"AIC VBC","description":"","publisher":{"@id":"\/#organization"},"potentialAction":[{"@type":"SearchAction","target":{"@type":"EntryPoint","urlTemplate":"\/?s={search_term_string}"},"query-input":{"@type":"PropertyValueSpecification","valueRequired":true,"valueName":"search_term_string"}}],"inLanguage":"fr-FR"},{"@type":"Organization","@id":"\/#organization","name":"AIC - HEIRBRANT - VBC","url":"\/","logo":{"@type":"ImageObject","inLanguage":"fr-FR","@id":"\/#\/schema\/logo\/image\/","url":"https:\/\/www.aic-vbc.be\/wp-content\/uploads\/2020\/08\/AIC_Sfeerbeeld_01.jpg","contentUrl":"https:\/\/www.aic-vbc.be\/wp-content\/uploads\/2020\/08\/AIC_Sfeerbeeld_01.jpg","width":1281,"height":854,"caption":"AIC - HEIRBRANT - VBC"},"image":{"@id":"\/#\/schema\/logo\/image\/"}}]}},"_links":{"self":[{"href":"https:\/\/www.aic-vbc.be\/fr\/wp-json\/wp\/v2\/pages\/843","targetHints":{"allow":["GET"]}}],"collection":[{"href":"https:\/\/www.aic-vbc.be\/fr\/wp-json\/wp\/v2\/pages"}],"about":[{"href":"https:\/\/www.aic-vbc.be\/fr\/wp-json\/wp\/v2\/types\/page"}],"author":[{"embeddable":true,"href":"https:\/\/www.aic-vbc.be\/fr\/wp-json\/wp\/v2\/users\/1"}],"replies":[{"embeddable":true,"href":"https:\/\/www.aic-vbc.be\/fr\/wp-json\/wp\/v2\/comments?post=843"}],"version-history":[{"count":55,"href":"https:\/\/www.aic-vbc.be\/fr\/wp-json\/wp\/v2\/pages\/843\/revisions"}],"predecessor-version":[{"id":18806,"href":"https:\/\/www.aic-vbc.be\/fr\/wp-json\/wp\/v2\/pages\/843\/revisions\/18806"}],"up":[{"embeddable":true,"href":"https:\/\/www.aic-vbc.be\/fr\/wp-json\/wp\/v2\/pages\/852"}],"wp:featuredmedia":[{"embeddable":true,"href":"https:\/\/www.aic-vbc.be\/fr\/wp-json\/wp\/v2\/media\/17327"}],"wp:attachment":[{"href":"https:\/\/www.aic-vbc.be\/fr\/wp-json\/wp\/v2\/media?parent=843"}],"curies":[{"name":"wp","href":"https:\/\/api.w.org\/{rel}","templated":true}]}}