{"id":5676,"date":"2021-08-02T13:14:32","date_gmt":"2021-08-02T11:14:32","guid":{"rendered":"https:\/\/aic-vbc.be\/?page_id=5676"},"modified":"2026-04-16T16:19:56","modified_gmt":"2026-04-16T14:19:56","slug":"reception-apres-funerailles-a-bruxelles","status":"publish","type":"page","link":"https:\/\/www.aic-vbc.be\/fr\/nos-services\/reception-apres-funerailles-a-bruxelles\/","title":{"rendered":"R\u00e9ception apr\u00e8s fun\u00e9railles"},"content":{"rendered":"\t\t<div data-elementor-type=\"wp-page\" data-elementor-id=\"5676\" class=\"elementor elementor-5676 elementor-4667\" data-elementor-post-type=\"page\">\n\t\t\t\t\t\t<section class=\"elementor-section elementor-top-section elementor-element elementor-element-711b6717 elementor-section-stretched elementor-section-height-min-height elementor-section-boxed elementor-section-height-default elementor-section-items-middle\" data-id=\"711b6717\" data-element_type=\"section\" data-settings=\"{&quot;stretch_section&quot;:&quot;section-stretched&quot;,&quot;jet_parallax_layout_list&quot;:[{&quot;jet_parallax_layout_image&quot;:{&quot;url&quot;:&quot;&quot;,&quot;id&quot;:&quot;&quot;,&quot;size&quot;:&quot;&quot;},&quot;_id&quot;:&quot;121a7f6&quot;,&quot;jet_parallax_layout_speed&quot;:{&quot;unit&quot;:&quot;%&quot;,&quot;size&quot;:&quot;50&quot;,&quot;sizes&quot;:[]},&quot;jet_parallax_layout_bg_x&quot;:&quot;50&quot;,&quot;jet_parallax_layout_bg_y&quot;:&quot;50&quot;,&quot;jet_parallax_layout_image_tablet&quot;:{&quot;url&quot;:&quot;&quot;,&quot;id&quot;:&quot;&quot;,&quot;size&quot;:&quot;&quot;},&quot;jet_parallax_layout_image_mobile&quot;:{&quot;url&quot;:&quot;&quot;,&quot;id&quot;:&quot;&quot;,&quot;size&quot;:&quot;&quot;},&quot;jet_parallax_layout_type&quot;:&quot;scroll&quot;,&quot;jet_parallax_layout_direction&quot;:null,&quot;jet_parallax_layout_fx_direction&quot;:null,&quot;jet_parallax_layout_z_index&quot;:&quot;&quot;,&quot;jet_parallax_layout_bg_x_tablet&quot;:&quot;&quot;,&quot;jet_parallax_layout_bg_x_mobile&quot;:&quot;&quot;,&quot;jet_parallax_layout_bg_y_tablet&quot;:&quot;&quot;,&quot;jet_parallax_layout_bg_y_mobile&quot;:&quot;&quot;,&quot;jet_parallax_layout_bg_size&quot;:&quot;auto&quot;,&quot;jet_parallax_layout_bg_size_tablet&quot;:&quot;&quot;,&quot;jet_parallax_layout_bg_size_mobile&quot;:&quot;&quot;,&quot;jet_parallax_layout_animation_prop&quot;:&quot;transform&quot;,&quot;jet_parallax_layout_on&quot;:[&quot;desktop&quot;,&quot;tablet&quot;]}],&quot;background_background&quot;:&quot;classic&quot;}\">\n\t\t\t\t\t\t\t<div class=\"elementor-background-overlay\"><\/div>\n\t\t\t\t\t\t\t<div class=\"elementor-container elementor-column-gap-default\">\n\t\t\t\t\t<div class=\"elementor-column elementor-col-100 elementor-top-column elementor-element elementor-element-23cc495f\" data-id=\"23cc495f\" data-element_type=\"column\">\n\t\t\t<div class=\"elementor-widget-wrap elementor-element-populated\">\n\t\t\t\t\t\t<div class=\"elementor-element elementor-element-6c06babe elementor-align-left elementor-widget elementor-widget-raven-heading\" data-id=\"6c06babe\" data-element_type=\"widget\" data-widget_type=\"raven-heading.default\">\n\t\t\t\t<div class=\"elementor-widget-container\">\n\t\t\t\t\t\t\t<div class=\"raven-widget-wrapper\"><h1 class=\"raven-heading raven-heading-h1\"><span class=\"raven-heading-title\">R\u00e9ception apr\u00e8s fun\u00e9railles<\/span><\/h1><\/div>\n\t\t\t\t\t\t<\/div>\n\t\t\t\t<\/div>\n\t\t\t\t<div class=\"elementor-element elementor-element-1af460e1 elementor-align-left elementor-widget elementor-widget-raven-breadcrumbs\" data-id=\"1af460e1\" data-element_type=\"widget\" data-widget_type=\"raven-breadcrumbs.default\">\n\t\t\t\t<div class=\"elementor-widget-container\">\n\t\t\t\t\t<div class=\"raven-breadcrumbs raven-breadcrumbs-default\"><ol class=\"breadcrumb\">\t\t\t\t<li class=\"breadcrumb-item active\" aria-current=\"page\"><span>Home<\/span><\/li>\n\n\t\t\t\t<\/ol><\/div>\t\t\t\t<\/div>\n\t\t\t\t<\/div>\n\t\t\t\t\t<\/div>\n\t\t<\/div>\n\t\t\t\t\t<\/div>\n\t\t<\/section>\n\t\t\t\t<section class=\"elementor-section elementor-top-section elementor-element elementor-element-53fd298c elementor-section-boxed elementor-section-height-default elementor-section-height-default\" data-id=\"53fd298c\" data-element_type=\"section\" data-settings=\"{&quot;jet_parallax_layout_list&quot;:[{&quot;jet_parallax_layout_image&quot;:{&quot;url&quot;:&quot;&quot;,&quot;id&quot;:&quot;&quot;,&quot;size&quot;:&quot;&quot;},&quot;_id&quot;:&quot;967bb1b&quot;,&quot;jet_parallax_layout_speed&quot;:{&quot;unit&quot;:&quot;%&quot;,&quot;size&quot;:&quot;50&quot;,&quot;sizes&quot;:[]},&quot;jet_parallax_layout_bg_x&quot;:&quot;50&quot;,&quot;jet_parallax_layout_bg_y&quot;:&quot;50&quot;,&quot;jet_parallax_layout_image_tablet&quot;:{&quot;url&quot;:&quot;&quot;,&quot;id&quot;:&quot;&quot;,&quot;size&quot;:&quot;&quot;},&quot;jet_parallax_layout_image_mobile&quot;:{&quot;url&quot;:&quot;&quot;,&quot;id&quot;:&quot;&quot;,&quot;size&quot;:&quot;&quot;},&quot;jet_parallax_layout_type&quot;:&quot;scroll&quot;,&quot;jet_parallax_layout_direction&quot;:null,&quot;jet_parallax_layout_fx_direction&quot;:null,&quot;jet_parallax_layout_z_index&quot;:&quot;&quot;,&quot;jet_parallax_layout_bg_x_tablet&quot;:&quot;&quot;,&quot;jet_parallax_layout_bg_x_mobile&quot;:&quot;&quot;,&quot;jet_parallax_layout_bg_y_tablet&quot;:&quot;&quot;,&quot;jet_parallax_layout_bg_y_mobile&quot;:&quot;&quot;,&quot;jet_parallax_layout_bg_size&quot;:&quot;auto&quot;,&quot;jet_parallax_layout_bg_size_tablet&quot;:&quot;&quot;,&quot;jet_parallax_layout_bg_size_mobile&quot;:&quot;&quot;,&quot;jet_parallax_layout_animation_prop&quot;:&quot;transform&quot;,&quot;jet_parallax_layout_on&quot;:[&quot;desktop&quot;,&quot;tablet&quot;]}]}\">\n\t\t\t\t\t\t<div class=\"elementor-container elementor-column-gap-default\">\n\t\t\t\t\t<div class=\"elementor-column elementor-col-100 elementor-top-column elementor-element elementor-element-6037866c\" data-id=\"6037866c\" data-element_type=\"column\">\n\t\t\t<div class=\"elementor-widget-wrap elementor-element-populated\">\n\t\t\t\t\t\t<div class=\"elementor-element elementor-element-1933aaea elementor-align-left elementor-widget elementor-widget-raven-heading\" data-id=\"1933aaea\" data-element_type=\"widget\" data-widget_type=\"raven-heading.default\">\n\t\t\t\t<div class=\"elementor-widget-container\">\n\t\t\t\t\t\t\t<div class=\"raven-widget-wrapper\"><h3 class=\"raven-heading raven-heading-h3\"><span class=\"raven-heading-title\">Collation apr\u00e8s fun\u00e9railles Bruxelles<\/span><\/h3><\/div>\n\t\t\t\t\t\t<\/div>\n\t\t\t\t<\/div>\n\t\t\t\t<div class=\"elementor-element elementor-element-5a9415dd elementor-align-left elementor-widget elementor-widget-raven-heading\" data-id=\"5a9415dd\" data-element_type=\"widget\" data-widget_type=\"raven-heading.default\">\n\t\t\t\t<div class=\"elementor-widget-container\">\n\t\t\t\t\t\t\t<div class=\"raven-widget-wrapper\"><h2 class=\"raven-heading raven-heading-h2\"><span class=\"raven-heading-title\">R\u00e9ception apr\u00e8s fun\u00e9railles \u00e0 Bruxelles<\/span><\/h2><\/div>\n\t\t\t\t\t\t<\/div>\n\t\t\t\t<\/div>\n\t\t\t\t<div class=\"elementor-element elementor-element-728f6db3 elementor-widget elementor-widget-text-editor\" data-id=\"728f6db3\" data-element_type=\"widget\" data-widget_type=\"text-editor.default\">\n\t\t\t\t<div class=\"elementor-widget-container\">\n\t\t\t\t\t\t\t\t\t<p>R\u00e9ception apr\u00e8s fun\u00e9railles\u00a0<\/p><p data-start=\"474\" data-end=\"605\">Vous recherchez d&rsquo;organiser une <strong>r\u00e9ception apr\u00e8s fun\u00e9railles \u00e0 Bruxelles<\/strong> digne et chaleureuse apr\u00e8s une c\u00e9r\u00e9monie ?<\/p><p data-start=\"607\" data-end=\"823\">AIC HEIRBRANT organise des <strong data-start=\"623\" data-end=\"699\">r\u00e9ceptions fun\u00e9raires \u00e0 Bruxelles, Evere, Uccle, &#8230; <\/strong>Notre \u00e9quipe\u00a0vous accompagne dans l\u2019organisation compl\u00e8te de votre <strong data-start=\"769\" data-end=\"797\">collation apr\u00e8s obs\u00e8ques<\/strong> ou <strong data-start=\"801\" data-end=\"822\">verre du souvenir<\/strong>.<\/p><p>Que ce soit apr\u00e8s une c\u00e9r\u00e9monie apr\u00e8s \u00a0l\u2019<a href=\"https:\/\/aic-vbc.be\/nos-services\/inhumation\/\">inhumation<\/a> ou la <a href=\"https:\/\/aic-vbc.be\/nos-services\/cremation\/\">cr\u00e9mation<\/a>, nous vous proposons une <strong>r\u00e9ception sur mesure<\/strong>, adapt\u00e9e \u00e0 <strong>votre budget <\/strong>et au nombre d\u2019invit\u00e9s.<\/p>\t\t\t\t\t\t\t\t<\/div>\n\t\t\t\t<\/div>\n\t\t\t\t<div class=\"elementor-element elementor-element-5120f225 elementor-widget elementor-widget-text-editor\" data-id=\"5120f225\" data-element_type=\"widget\" data-widget_type=\"text-editor.default\">\n\t\t\t\t<div class=\"elementor-widget-container\">\n\t\t\t\t\t\t\t\t\t<h2>Organisation d\u2019une r\u00e9ception apr\u00e8s fun\u00e9railles<\/h2><p>La <strong>table de caf\u00e9 apr\u00e8s fun\u00e9railles<\/strong> est un moment important qui permet aux proches de se r\u00e9unir apr\u00e8s la c\u00e9r\u00e9monie.<\/p><p>Elle offre la possibilit\u00e9 de :<\/p><ul><li>partager des souvenirs<\/li><li>remercier les personnes pr\u00e9sentes<\/li><li>cr\u00e9er un moment de soutien<\/li><li>prolonger l\u2019hommage dans un cadre convivial<\/li><\/ul><p>\u00c0 Bruxelles, cette tradition est largement r\u00e9pandue apr\u00e8s les obs\u00e8ques.<\/p><p><strong><img decoding=\"async\" class=\"emoji\" role=\"img\" draggable=\"false\" src=\"https:\/\/s.w.org\/images\/core\/emoji\/16.0.1\/svg\/1f4de.svg\" alt=\"\ud83d\udcde\" \/><\/strong>\u00a0<strong>B<\/strong><strong>esoin d\u2019aide ? Appelez-nous 24\/24 au 02\/502.14.24<\/strong><\/p><h2 data-section-id=\"127fk5y\" data-start=\"887\" data-end=\"948\">R\u00e9ception apr\u00e8s fun\u00e9railles \u00e0 Bruxelles : nos formules<\/h2><p data-start=\"989\" data-end=\"1074\">Nous organisons votre <strong>collation\u00a0apr\u00e8s fun\u00e9railles<\/strong>\u00a0selon vos besoins :<\/p><ul data-start=\"1076\" data-end=\"1232\"><li data-section-id=\"3w0lzg\" data-start=\"1076\" data-end=\"1118\"><p data-start=\"1078\" data-end=\"1118\">table de caf\u00e9 traditionnelle\u00a0<\/p><\/li><li data-section-id=\"wq9bbj\" data-start=\"1119\" data-end=\"1155\"><p data-start=\"1121\" data-end=\"1155\">buffet froid fun\u00e9raire\u00a0<\/p><\/li><li data-section-id=\"16rurc2\" data-start=\"1156\" data-end=\"1197\"><p data-start=\"1158\" data-end=\"1197\">r\u00e9ception apr\u00e8s enterrement\u00a0<\/p><\/li><li data-section-id=\"1aajw86\" data-start=\"1198\" data-end=\"1232\"><p data-start=\"1200\" data-end=\"1232\">traiteur fun\u00e9railles<\/p><\/li><\/ul><h3>Table de caf\u00e9 traditionnelle \u00e0 Bruxelles<\/h3><p>La formule la plus fr\u00e9quente comprend :<\/p><ul><li>caf\u00e9, th\u00e9 et eau<\/li><li>boissons non alcoolis\u00e9es<\/li><li>sandwiches assortis<\/li><li>p\u00e2tisseries ou biscuits<\/li><\/ul><p>Cette formule simple permet de r\u00e9unir les proches dans un moment convivial.<\/p><h3>Buffet froid apr\u00e8s fun\u00e9railles \u00e0 Bruxelles<\/h3><p>Pour une r\u00e9ception plus longue, il est possible de choisir un buffet froid comprenant :<\/p><ul><li>sandwiches vari\u00e9s<\/li><li>salades<\/li><li>plats froids<\/li><li>desserts<\/li><\/ul><p>Cette option est souvent choisie lorsque la famille souhaite passer davantage de temps avec les invit\u00e9s.<\/p><h3>R\u00e9ception personnalis\u00e9e \u00e0 Bruxelles<\/h3><p>Certaines familles pr\u00e9f\u00e8rent une r\u00e9ception sur mesure. Dans ce cas, il est possible d\u2019organiser :<\/p><ul><li>un service traiteur complet<\/li><li>un buffet plus \u00e9labor\u00e9<\/li><li>une s\u00e9lection de boissons sp\u00e9cifique<\/li><\/ul><h2 data-section-id=\"izkl8c\" data-start=\"1239\" data-end=\"1290\">Tarifs r\u00e9ception apr\u00e8s fun\u00e9railles \u00e0 Bruxelles<\/h2><ul data-start=\"1327\" data-end=\"1448\"><li data-section-id=\"1ofrpbf\" data-start=\"1327\" data-end=\"1368\"><p data-start=\"1329\" data-end=\"1368\">Collation simple : d\u00e8s <b>15\u20ac<\/b> \/ personne<\/p><\/li><li data-section-id=\"14zlmoe\" data-start=\"1369\" data-end=\"1404\"><p data-start=\"1371\" data-end=\"1404\">Table de caf\u00e9 : <b>\u00b120\u20ac<\/b> \/ personne<\/p><\/li><li data-section-id=\"1fiovrl\" data-start=\"1405\" data-end=\"1448\"><p data-start=\"1407\" data-end=\"1448\">Buffet complet : jusqu\u2019\u00e0 <b>50\u20ac<\/b> \/ personne<\/p><\/li><li data-section-id=\"1fiovrl\" data-start=\"1405\" data-end=\"1448\">R\u00e9ception personalis\u00e9e : prix sur demande<\/li><\/ul><p data-start=\"1450\" data-end=\"1498\">Prix d\u00e9gressifs selon le nombre de personnes.<\/p><p data-start=\"1450\" data-end=\"1498\">Nous vous aidons \u00e0 choisir une formule <b>adapt\u00e9e \u00e0 votre budget<\/b> et \u00e0 vos souhaits.<\/p><p>Bien entendu nous tenons \u00e9galement compte des personnes souffrant d\u2019une <strong>allergie<\/strong> ou d\u2019une <strong>intol\u00e9rance alimentaire<\/strong> \u00e0 condition que ceci a \u00e9t\u00e9 clairement stipul\u00e9 lors de la r\u00e9servation de la collation.<\/p><p><strong><img decoding=\"async\" class=\"emoji\" role=\"img\" draggable=\"false\" src=\"https:\/\/s.w.org\/images\/core\/emoji\/16.0.1\/svg\/1f4de.svg\" alt=\"\ud83d\udcde\" \/><\/strong>\u00a0<strong>B<\/strong><strong>esoin d\u2019aide ? Appelez-nous 24\/24 au 02\/502.14.24<\/strong><\/p><h2>O\u00f9 organiser une collation apr\u00e8s fun\u00e9railles \u00e0 Bruxelles ?<\/h2><p>Nous organisons votre <strong>r\u00e9ception apr\u00e8s fun\u00e9railles<\/strong> dans toute la r\u00e9gion Bruxelloise :<\/p><ul><li><strong><a href=\"https:\/\/www.aic-vbc.be\/fr\/nouvelles\/crematorium-evere\/\">Cr\u00e9matorium d\u2019Evere<\/a><\/strong><\/li><li><a href=\"https:\/\/www.aic-vbc.be\/fr\/actualites\/crematorium-uccle\/\"><strong>Cr\u00e9matorium d\u2019Uccle<\/strong><\/a><\/li><li><strong><a href=\"https:\/\/www.aic-vbc.be\/fr\/nouvelles\/crematorium-daelhof-zemst\/\">Cr\u00e9matorium Daelhof (Zemst)<\/a><\/strong><\/li><li>\u00c9tablissements \u00e0 proximit\u00e9 horeca<\/li><li>\u00c0 domicile\u00a0<\/li><\/ul><h2 data-section-id=\"h3ntr1\" data-start=\"2209\" data-end=\"2275\">Bien r\u00e9server \u00e0 l\u2019avance pour une r\u00e9ception apr\u00e8s fun\u00e9railles<\/h2><p data-start=\"2276\" data-end=\"2427\">Il est recommand\u00e9 d\u2019organiser la r\u00e9ception <strong data-start=\"2324\" data-end=\"2361\">en m\u00eame temps que les fun\u00e9railles<\/strong> afin de garantir la disponibilit\u00e9 du lieu et du service traiteur.<\/p>\t\t\t\t\t\t\t\t<\/div>\n\t\t\t\t<\/div>\n\t\t\t\t<div class=\"elementor-element elementor-element-2ac08156 btn_contact elementor-align-center elementor-widget elementor-widget-button\" data-id=\"2ac08156\" data-element_type=\"widget\" data-widget_type=\"button.default\">\n\t\t\t\t<div class=\"elementor-widget-container\">\n\t\t\t\t\t\t\t\t\t<div class=\"elementor-button-wrapper\">\n\t\t\t\t\t<a class=\"elementor-button elementor-button-link elementor-size-sm\" href=\"\/fr\/contact\/\">\n\t\t\t\t\t\t<span class=\"elementor-button-content-wrapper\">\n\t\t\t\t\t\t<span class=\"elementor-button-icon\">\n\t\t\t\t<i aria-hidden=\"true\" class=\"fas fa-phone\"><\/i>\t\t\t<\/span>\n\t\t\t\t\t\t\t\t\t<span class=\"elementor-button-text\">\u00a0Besoin d\u2019aide ? Appelez-nous 24\/24 au 02\/502.14.24<\/span>\n\t\t\t\t\t<\/span>\n\t\t\t\t\t<\/a>\n\t\t\t\t<\/div>\n\t\t\t\t\t\t\t\t<\/div>\n\t\t\t\t<\/div>\n\t\t\t\t<div class=\"elementor-element elementor-element-f983804 elementor-widget elementor-widget-spacer\" data-id=\"f983804\" data-element_type=\"widget\" data-widget_type=\"spacer.default\">\n\t\t\t\t<div class=\"elementor-widget-container\">\n\t\t\t\t\t\t\t<div class=\"elementor-spacer\">\n\t\t\t<div class=\"elementor-spacer-inner\"><\/div>\n\t\t<\/div>\n\t\t\t\t\t\t<\/div>\n\t\t\t\t<\/div>\n\t\t\t\t\t<\/div>\n\t\t<\/div>\n\t\t\t\t\t<\/div>\n\t\t<\/section>\n\t\t\t\t<section class=\"elementor-section elementor-top-section elementor-element elementor-element-c727e82 elementor-section-boxed elementor-section-height-default elementor-section-height-default\" data-id=\"c727e82\" data-element_type=\"section\" data-settings=\"{&quot;jet_parallax_layout_list&quot;:[]}\">\n\t\t\t\t\t\t<div class=\"elementor-container elementor-column-gap-default\">\n\t\t\t\t\t<div class=\"elementor-column elementor-col-66 elementor-top-column elementor-element elementor-element-7acba2b\" data-id=\"7acba2b\" data-element_type=\"column\">\n\t\t\t<div class=\"elementor-widget-wrap elementor-element-populated\">\n\t\t\t\t\t\t<div class=\"elementor-element elementor-element-2e5dbf5 elementor-widget elementor-widget-text-editor\" data-id=\"2e5dbf5\" data-element_type=\"widget\" data-widget_type=\"text-editor.default\">\n\t\t\t\t<div class=\"elementor-widget-container\">\n\t\t\t\t\t\t\t\t\t<h2>R\u00e9ception au cr\u00e9matorium d\u2019Evere<\/h2><p>Le cr\u00e9matorium d\u2019Evere \u2013 R\u00e9ception sur place salle avec possibilit\u00e9 de subdivision : 200 personnes.<\/p><p>Dur\u00e9e de r\u00e9servation : 2 heures<\/p><p><strong>Foyer<\/strong> o\u00f9 vous pouvez prendre un verre avec quelques personnes sans r\u00e9servation.<\/p><h3>Cr\u00e9matorium d\u2019Evere horaire<\/h3><p>Lundi au vendredi de 8h00 \u00e0 16h30. Samedi de 8h30 \u00e0 13h00<\/p><p><strong><img decoding=\"async\" class=\"emoji\" role=\"img\" draggable=\"false\" src=\"https:\/\/s.w.org\/images\/core\/emoji\/16.0.1\/svg\/1f4de.svg\" alt=\"\ud83d\udcde\" \/><\/strong>\u00a0<strong>B<\/strong><strong>esoin d\u2019aide ? Appelez-nous 24\/24 au 02\/502.14.24<\/strong><\/p>\t\t\t\t\t\t\t\t<\/div>\n\t\t\t\t<\/div>\n\t\t\t\t<div class=\"elementor-element elementor-element-43aac33 btn_contact elementor-widget elementor-widget-button\" data-id=\"43aac33\" data-element_type=\"widget\" data-widget_type=\"button.default\">\n\t\t\t\t<div class=\"elementor-widget-container\">\n\t\t\t\t\t\t\t\t\t<div class=\"elementor-button-wrapper\">\n\t\t\t\t\t<a class=\"elementor-button elementor-button-link elementor-size-md\" href=\"https:\/\/www.aic-vbc.be\/wp-content\/uploads\/2026\/03\/Tarif-2026.pdf\" target=\"_blank\">\n\t\t\t\t\t\t<span class=\"elementor-button-content-wrapper\">\n\t\t\t\t\t\t<span class=\"elementor-button-icon\">\n\t\t\t\t<i aria-hidden=\"true\" class=\"far fa-folder-open\"><\/i>\t\t\t<\/span>\n\t\t\t\t\t\t\t\t\t<span class=\"elementor-button-text\"> Tarif catering cr\u00e9matorium d'Evere<\/span>\n\t\t\t\t\t<\/span>\n\t\t\t\t\t<\/a>\n\t\t\t\t<\/div>\n\t\t\t\t\t\t\t\t<\/div>\n\t\t\t\t<\/div>\n\t\t\t\t\t<\/div>\n\t\t<\/div>\n\t\t\t\t<div class=\"elementor-column elementor-col-33 elementor-top-column elementor-element elementor-element-916540e\" data-id=\"916540e\" data-element_type=\"column\">\n\t\t\t<div class=\"elementor-widget-wrap elementor-element-populated\">\n\t\t\t\t\t\t<div class=\"elementor-element elementor-element-64a1996 elementor-widget elementor-widget-image\" data-id=\"64a1996\" data-element_type=\"widget\" data-widget_type=\"image.default\">\n\t\t\t\t<div class=\"elementor-widget-container\">\n\t\t\t\t\t\t\t\t\t\t\t\t\t\t\t<img fetchpriority=\"high\" decoding=\"async\" width=\"600\" height=\"411\" src=\"https:\/\/www.aic-vbc.be\/wp-content\/uploads\/2021\/08\/621042b8-3678-47cf-a1ec-4ebbc3dcb2b8-600x411.png\" class=\"attachment-woocommerce_single size-woocommerce_single wp-image-17289\" alt=\"R\u00e9ception apr\u00e8s fun\u00e9railles \u00e0 Bruxelles cr\u00e9matorium Evere AIC HEIRBRANT\" srcset=\"https:\/\/www.aic-vbc.be\/wp-content\/uploads\/2021\/08\/621042b8-3678-47cf-a1ec-4ebbc3dcb2b8-600x411.png 600w, https:\/\/www.aic-vbc.be\/wp-content\/uploads\/2021\/08\/621042b8-3678-47cf-a1ec-4ebbc3dcb2b8-300x205.png 300w, https:\/\/www.aic-vbc.be\/wp-content\/uploads\/2021\/08\/621042b8-3678-47cf-a1ec-4ebbc3dcb2b8-1024x701.png 1024w, https:\/\/www.aic-vbc.be\/wp-content\/uploads\/2021\/08\/621042b8-3678-47cf-a1ec-4ebbc3dcb2b8-768x526.png 768w, https:\/\/www.aic-vbc.be\/wp-content\/uploads\/2021\/08\/621042b8-3678-47cf-a1ec-4ebbc3dcb2b8-1536x1051.png 1536w, https:\/\/www.aic-vbc.be\/wp-content\/uploads\/2021\/08\/621042b8-3678-47cf-a1ec-4ebbc3dcb2b8.png 2035w\" sizes=\"(max-width: 600px) 100vw, 600px\" \/>\t\t\t\t\t\t\t\t\t\t\t\t\t\t\t<\/div>\n\t\t\t\t<\/div>\n\t\t\t\t\t<\/div>\n\t\t<\/div>\n\t\t\t\t\t<\/div>\n\t\t<\/section>\n\t\t\t\t<section class=\"elementor-section elementor-top-section elementor-element elementor-element-13ce34e elementor-section-boxed elementor-section-height-default elementor-section-height-default\" data-id=\"13ce34e\" data-element_type=\"section\" data-settings=\"{&quot;jet_parallax_layout_list&quot;:[{&quot;jet_parallax_layout_image&quot;:{&quot;url&quot;:&quot;&quot;,&quot;id&quot;:&quot;&quot;,&quot;size&quot;:&quot;&quot;},&quot;_id&quot;:&quot;7c7d9a6&quot;,&quot;jet_parallax_layout_image_tablet&quot;:{&quot;url&quot;:&quot;&quot;,&quot;id&quot;:&quot;&quot;,&quot;size&quot;:&quot;&quot;},&quot;jet_parallax_layout_image_mobile&quot;:{&quot;url&quot;:&quot;&quot;,&quot;id&quot;:&quot;&quot;,&quot;size&quot;:&quot;&quot;},&quot;jet_parallax_layout_speed&quot;:{&quot;unit&quot;:&quot;%&quot;,&quot;size&quot;:50,&quot;sizes&quot;:[]},&quot;jet_parallax_layout_type&quot;:&quot;scroll&quot;,&quot;jet_parallax_layout_direction&quot;:null,&quot;jet_parallax_layout_fx_direction&quot;:null,&quot;jet_parallax_layout_z_index&quot;:&quot;&quot;,&quot;jet_parallax_layout_bg_x&quot;:50,&quot;jet_parallax_layout_bg_x_tablet&quot;:&quot;&quot;,&quot;jet_parallax_layout_bg_x_mobile&quot;:&quot;&quot;,&quot;jet_parallax_layout_bg_y&quot;:50,&quot;jet_parallax_layout_bg_y_tablet&quot;:&quot;&quot;,&quot;jet_parallax_layout_bg_y_mobile&quot;:&quot;&quot;,&quot;jet_parallax_layout_bg_size&quot;:&quot;auto&quot;,&quot;jet_parallax_layout_bg_size_tablet&quot;:&quot;&quot;,&quot;jet_parallax_layout_bg_size_mobile&quot;:&quot;&quot;,&quot;jet_parallax_layout_animation_prop&quot;:&quot;transform&quot;,&quot;jet_parallax_layout_on&quot;:[&quot;desktop&quot;,&quot;tablet&quot;]}]}\">\n\t\t\t\t\t\t<div class=\"elementor-container elementor-column-gap-default\">\n\t\t\t\t\t<div class=\"elementor-column elementor-col-100 elementor-top-column elementor-element elementor-element-90636d2\" data-id=\"90636d2\" data-element_type=\"column\">\n\t\t\t<div class=\"elementor-widget-wrap elementor-element-populated\">\n\t\t\t\t\t\t<div class=\"elementor-element elementor-element-74a40df elementor-widget elementor-widget-spacer\" data-id=\"74a40df\" data-element_type=\"widget\" data-widget_type=\"spacer.default\">\n\t\t\t\t<div class=\"elementor-widget-container\">\n\t\t\t\t\t\t\t<div class=\"elementor-spacer\">\n\t\t\t<div class=\"elementor-spacer-inner\"><\/div>\n\t\t<\/div>\n\t\t\t\t\t\t<\/div>\n\t\t\t\t<\/div>\n\t\t\t\t\t<\/div>\n\t\t<\/div>\n\t\t\t\t\t<\/div>\n\t\t<\/section>\n\t\t\t\t<section class=\"elementor-section elementor-top-section elementor-element elementor-element-1affbe2 elementor-section-boxed elementor-section-height-default elementor-section-height-default\" data-id=\"1affbe2\" data-element_type=\"section\" data-settings=\"{&quot;jet_parallax_layout_list&quot;:[]}\">\n\t\t\t\t\t\t<div class=\"elementor-container elementor-column-gap-default\">\n\t\t\t\t\t<div class=\"elementor-column elementor-col-66 elementor-top-column elementor-element elementor-element-2dd38a4\" data-id=\"2dd38a4\" data-element_type=\"column\">\n\t\t\t<div class=\"elementor-widget-wrap elementor-element-populated\">\n\t\t\t\t\t\t<div class=\"elementor-element elementor-element-7ca03a1 elementor-widget elementor-widget-text-editor\" data-id=\"7ca03a1\" data-element_type=\"widget\" data-widget_type=\"text-editor.default\">\n\t\t\t\t<div class=\"elementor-widget-container\">\n\t\t\t\t\t\t\t\t\t<h2>Table de caf\u00e9 au cr\u00e9matorium d&rsquo;Uccle<\/h2>\n<ul><li>Service traiteur disponible<\/li>\n<li>Dur\u00e9e : 2 heures apr\u00e8s la c\u00e9r\u00e9monie&nbsp;<\/li>\n<li>Espace convivial apr\u00e8s c\u00e9r\u00e9monie<\/li>\n<\/ul>\n<p>Avantage : c<span style=\"color: var( --e-global-color-text );\">ette solution est souvent privil\u00e9gi\u00e9e car elle \u00e9vite aux proches de devoir se d\u00e9placer vers un autre lieu.<\/span><\/p>\n<h3>Cr\u00e9matorium Uccle horaire<\/h3>\n<p>Lundi au vendredi de 8h00 \u00e0 16h30. Samedi de 8h30 \u00e0 13h00<\/p>\n<p><strong><img decoding=\"async\" class=\"emoji\" role=\"img\" draggable=\"false\" src=\"https:\/\/s.w.org\/images\/core\/emoji\/16.0.1\/svg\/1f4de.svg\" alt=\"\ud83d\udcde\"><\/strong>&nbsp;<strong>B<\/strong><strong>esoin d\u2019aide ? Appelez-nous 24\/24 au 02\/502.14.24<\/strong><\/p>\t\t\t\t\t\t\t\t<\/div>\n\t\t\t\t<\/div>\n\t\t\t\t<div class=\"elementor-element elementor-element-77133f7 btn_contact elementor-widget elementor-widget-button\" data-id=\"77133f7\" data-element_type=\"widget\" data-widget_type=\"button.default\">\n\t\t\t\t<div class=\"elementor-widget-container\">\n\t\t\t\t\t\t\t\t\t<div class=\"elementor-button-wrapper\">\n\t\t\t\t\t<a class=\"elementor-button elementor-button-link elementor-size-md\" href=\"https:\/\/www.aic-vbc.be\/wp-content\/uploads\/2026\/03\/Tarif-2026.pdf\" target=\"_blank\">\n\t\t\t\t\t\t<span class=\"elementor-button-content-wrapper\">\n\t\t\t\t\t\t<span class=\"elementor-button-icon\">\n\t\t\t\t<i aria-hidden=\"true\" class=\"far fa-folder-open\"><\/i>\t\t\t<\/span>\n\t\t\t\t\t\t\t\t\t<span class=\"elementor-button-text\"> Tarif catering cr\u00e9matorium Uccle<\/span>\n\t\t\t\t\t<\/span>\n\t\t\t\t\t<\/a>\n\t\t\t\t<\/div>\n\t\t\t\t\t\t\t\t<\/div>\n\t\t\t\t<\/div>\n\t\t\t\t\t<\/div>\n\t\t<\/div>\n\t\t\t\t<div class=\"elementor-column elementor-col-33 elementor-top-column elementor-element elementor-element-46cbcc6\" data-id=\"46cbcc6\" data-element_type=\"column\">\n\t\t\t<div class=\"elementor-widget-wrap elementor-element-populated\">\n\t\t\t\t\t\t<div class=\"elementor-element elementor-element-13b2e1e elementor-widget elementor-widget-image\" data-id=\"13b2e1e\" data-element_type=\"widget\" data-widget_type=\"image.default\">\n\t\t\t\t<div class=\"elementor-widget-container\">\n\t\t\t\t\t\t\t\t\t\t\t\t\t\t\t<img decoding=\"async\" width=\"600\" height=\"415\" src=\"https:\/\/www.aic-vbc.be\/wp-content\/uploads\/2021\/12\/Cafetaria-crematorium-Uccle-600x415.jpg\" class=\"attachment-woocommerce_single size-woocommerce_single wp-image-8370\" alt=\"Collation fun\u00e9railles \u00e0 Bruxelles cr\u00e9matorium Uccle AIC Heirbrant Pompes fun\u00e8bres\" srcset=\"https:\/\/www.aic-vbc.be\/wp-content\/uploads\/2021\/12\/Cafetaria-crematorium-Uccle-600x415.jpg 600w, https:\/\/www.aic-vbc.be\/wp-content\/uploads\/2021\/12\/Cafetaria-crematorium-Uccle-300x207.jpg 300w, https:\/\/www.aic-vbc.be\/wp-content\/uploads\/2021\/12\/Cafetaria-crematorium-Uccle.jpg 683w\" sizes=\"(max-width: 600px) 100vw, 600px\" \/>\t\t\t\t\t\t\t\t\t\t\t\t\t\t\t<\/div>\n\t\t\t\t<\/div>\n\t\t\t\t\t<\/div>\n\t\t<\/div>\n\t\t\t\t\t<\/div>\n\t\t<\/section>\n\t\t\t\t<section class=\"elementor-section elementor-top-section elementor-element elementor-element-b6c6ce2 elementor-section-boxed elementor-section-height-default elementor-section-height-default\" data-id=\"b6c6ce2\" data-element_type=\"section\" data-settings=\"{&quot;jet_parallax_layout_list&quot;:[{&quot;jet_parallax_layout_image&quot;:{&quot;url&quot;:&quot;&quot;,&quot;id&quot;:&quot;&quot;,&quot;size&quot;:&quot;&quot;},&quot;_id&quot;:&quot;e3a1436&quot;,&quot;jet_parallax_layout_image_tablet&quot;:{&quot;url&quot;:&quot;&quot;,&quot;id&quot;:&quot;&quot;,&quot;size&quot;:&quot;&quot;},&quot;jet_parallax_layout_image_mobile&quot;:{&quot;url&quot;:&quot;&quot;,&quot;id&quot;:&quot;&quot;,&quot;size&quot;:&quot;&quot;},&quot;jet_parallax_layout_speed&quot;:{&quot;unit&quot;:&quot;%&quot;,&quot;size&quot;:50,&quot;sizes&quot;:[]},&quot;jet_parallax_layout_type&quot;:&quot;scroll&quot;,&quot;jet_parallax_layout_direction&quot;:null,&quot;jet_parallax_layout_fx_direction&quot;:null,&quot;jet_parallax_layout_z_index&quot;:&quot;&quot;,&quot;jet_parallax_layout_bg_x&quot;:50,&quot;jet_parallax_layout_bg_x_tablet&quot;:&quot;&quot;,&quot;jet_parallax_layout_bg_x_mobile&quot;:&quot;&quot;,&quot;jet_parallax_layout_bg_y&quot;:50,&quot;jet_parallax_layout_bg_y_tablet&quot;:&quot;&quot;,&quot;jet_parallax_layout_bg_y_mobile&quot;:&quot;&quot;,&quot;jet_parallax_layout_bg_size&quot;:&quot;auto&quot;,&quot;jet_parallax_layout_bg_size_tablet&quot;:&quot;&quot;,&quot;jet_parallax_layout_bg_size_mobile&quot;:&quot;&quot;,&quot;jet_parallax_layout_animation_prop&quot;:&quot;transform&quot;,&quot;jet_parallax_layout_on&quot;:[&quot;desktop&quot;,&quot;tablet&quot;]}]}\">\n\t\t\t\t\t\t<div class=\"elementor-container elementor-column-gap-default\">\n\t\t\t\t\t<div class=\"elementor-column elementor-col-100 elementor-top-column elementor-element elementor-element-a06785e\" data-id=\"a06785e\" data-element_type=\"column\">\n\t\t\t<div class=\"elementor-widget-wrap elementor-element-populated\">\n\t\t\t\t\t\t<div class=\"elementor-element elementor-element-73971a6 elementor-widget elementor-widget-spacer\" data-id=\"73971a6\" data-element_type=\"widget\" data-widget_type=\"spacer.default\">\n\t\t\t\t<div class=\"elementor-widget-container\">\n\t\t\t\t\t\t\t<div class=\"elementor-spacer\">\n\t\t\t<div class=\"elementor-spacer-inner\"><\/div>\n\t\t<\/div>\n\t\t\t\t\t\t<\/div>\n\t\t\t\t<\/div>\n\t\t\t\t\t<\/div>\n\t\t<\/div>\n\t\t\t\t\t<\/div>\n\t\t<\/section>\n\t\t\t\t<section class=\"elementor-section elementor-top-section elementor-element elementor-element-bcbc96d elementor-section-boxed elementor-section-height-default elementor-section-height-default\" data-id=\"bcbc96d\" data-element_type=\"section\" data-settings=\"{&quot;jet_parallax_layout_list&quot;:[]}\">\n\t\t\t\t\t\t<div class=\"elementor-container elementor-column-gap-default\">\n\t\t\t\t\t<div class=\"elementor-column elementor-col-66 elementor-top-column elementor-element elementor-element-18163a6\" data-id=\"18163a6\" data-element_type=\"column\">\n\t\t\t<div class=\"elementor-widget-wrap elementor-element-populated\">\n\t\t\t\t\t\t<div class=\"elementor-element elementor-element-98d2467 elementor-widget elementor-widget-text-editor\" data-id=\"98d2467\" data-element_type=\"widget\" data-widget_type=\"text-editor.default\">\n\t\t\t\t<div class=\"elementor-widget-container\">\n\t\t\t\t\t\t\t\t\t<h2>Table de caf\u00e9 au cr\u00e9matorium Daelhof &#8211; Zemst<\/h2><ul><li>Daelhof dispose de 5 salles de 50 personnes chacune<\/li><li>R\u00e9servation : pour\u00a0 2 heures.<strong>\u00a0<\/strong><\/li><\/ul><h3>Cr\u00e9matorium Daelhof horaire<\/h3><p>Lundi au vendredi de 8h30 \u00e0 17h00. Samedi de 8h30 \u00e0 16h30<\/p><p><strong><img decoding=\"async\" class=\"emoji\" role=\"img\" draggable=\"false\" src=\"https:\/\/s.w.org\/images\/core\/emoji\/16.0.1\/svg\/1f4de.svg\" alt=\"\ud83d\udcde\" \/><\/strong>\u00a0<strong>B<\/strong><strong>esoin d\u2019aide ? Appelez-nous 24\/24 au 02\/502.14.24<\/strong><\/p>\t\t\t\t\t\t\t\t<\/div>\n\t\t\t\t<\/div>\n\t\t\t\t<div class=\"elementor-element elementor-element-a1d8424 btn_contact elementor-widget elementor-widget-button\" data-id=\"a1d8424\" data-element_type=\"widget\" data-widget_type=\"button.default\">\n\t\t\t\t<div class=\"elementor-widget-container\">\n\t\t\t\t\t\t\t\t\t<div class=\"elementor-button-wrapper\">\n\t\t\t\t\t<a class=\"elementor-button elementor-button-link elementor-size-md\" href=\"https:\/\/www.aic-vbc.be\/wp-content\/uploads\/2026\/02\/crematorium-Daelhof-koffietafels-16.03.2026-AIC-HEIRBRANT.pdf\" target=\"_blank\">\n\t\t\t\t\t\t<span class=\"elementor-button-content-wrapper\">\n\t\t\t\t\t\t<span class=\"elementor-button-icon\">\n\t\t\t\t<i aria-hidden=\"true\" class=\"far fa-folder-open\"><\/i>\t\t\t<\/span>\n\t\t\t\t\t\t\t\t\t<span class=\"elementor-button-text\">Tarif catering cr\u00e9matorium Daelhof Zemst<\/span>\n\t\t\t\t\t<\/span>\n\t\t\t\t\t<\/a>\n\t\t\t\t<\/div>\n\t\t\t\t\t\t\t\t<\/div>\n\t\t\t\t<\/div>\n\t\t\t\t\t<\/div>\n\t\t<\/div>\n\t\t\t\t<div class=\"elementor-column elementor-col-33 elementor-top-column elementor-element elementor-element-e58c73b\" data-id=\"e58c73b\" data-element_type=\"column\">\n\t\t\t<div class=\"elementor-widget-wrap elementor-element-populated\">\n\t\t\t\t\t\t<div class=\"elementor-element elementor-element-1f7ef2b elementor-widget elementor-widget-image\" data-id=\"1f7ef2b\" data-element_type=\"widget\" data-widget_type=\"image.default\">\n\t\t\t\t<div class=\"elementor-widget-container\">\n\t\t\t\t\t\t\t\t\t\t\t\t\t\t\t<img decoding=\"async\" width=\"600\" height=\"450\" src=\"https:\/\/www.aic-vbc.be\/wp-content\/uploads\/2021\/09\/Daelhof-AIC-Heirbrant-VBC-600x450.jpg\" class=\"attachment-woocommerce_single size-woocommerce_single wp-image-7120\" alt=\"R\u00e9ception apr\u00e8s fun\u00e9railles Bruxelles AIC Heirbrant Pompes fun\u00e8bres\" srcset=\"https:\/\/www.aic-vbc.be\/wp-content\/uploads\/2021\/09\/Daelhof-AIC-Heirbrant-VBC-600x450.jpg 600w, https:\/\/www.aic-vbc.be\/wp-content\/uploads\/2021\/09\/Daelhof-AIC-Heirbrant-VBC-300x225.jpg 300w, https:\/\/www.aic-vbc.be\/wp-content\/uploads\/2021\/09\/Daelhof-AIC-Heirbrant-VBC-1024x768.jpg 1024w, https:\/\/www.aic-vbc.be\/wp-content\/uploads\/2021\/09\/Daelhof-AIC-Heirbrant-VBC-768x576.jpg 768w, https:\/\/www.aic-vbc.be\/wp-content\/uploads\/2021\/09\/Daelhof-AIC-Heirbrant-VBC-1536x1152.jpg 1536w, https:\/\/www.aic-vbc.be\/wp-content\/uploads\/2021\/09\/Daelhof-AIC-Heirbrant-VBC-2048x1536.jpg 2048w\" sizes=\"(max-width: 600px) 100vw, 600px\" \/>\t\t\t\t\t\t\t\t\t\t\t\t\t\t\t<\/div>\n\t\t\t\t<\/div>\n\t\t\t\t\t<\/div>\n\t\t<\/div>\n\t\t\t\t\t<\/div>\n\t\t<\/section>\n\t\t\t\t<section class=\"elementor-section elementor-top-section elementor-element elementor-element-67f281c elementor-section-boxed elementor-section-height-default elementor-section-height-default\" data-id=\"67f281c\" data-element_type=\"section\" data-settings=\"{&quot;jet_parallax_layout_list&quot;:[{&quot;jet_parallax_layout_image&quot;:{&quot;url&quot;:&quot;&quot;,&quot;id&quot;:&quot;&quot;,&quot;size&quot;:&quot;&quot;},&quot;_id&quot;:&quot;7c7d9a6&quot;,&quot;jet_parallax_layout_image_tablet&quot;:{&quot;url&quot;:&quot;&quot;,&quot;id&quot;:&quot;&quot;,&quot;size&quot;:&quot;&quot;},&quot;jet_parallax_layout_image_mobile&quot;:{&quot;url&quot;:&quot;&quot;,&quot;id&quot;:&quot;&quot;,&quot;size&quot;:&quot;&quot;},&quot;jet_parallax_layout_speed&quot;:{&quot;unit&quot;:&quot;%&quot;,&quot;size&quot;:50,&quot;sizes&quot;:[]},&quot;jet_parallax_layout_type&quot;:&quot;scroll&quot;,&quot;jet_parallax_layout_direction&quot;:null,&quot;jet_parallax_layout_fx_direction&quot;:null,&quot;jet_parallax_layout_z_index&quot;:&quot;&quot;,&quot;jet_parallax_layout_bg_x&quot;:50,&quot;jet_parallax_layout_bg_x_tablet&quot;:&quot;&quot;,&quot;jet_parallax_layout_bg_x_mobile&quot;:&quot;&quot;,&quot;jet_parallax_layout_bg_y&quot;:50,&quot;jet_parallax_layout_bg_y_tablet&quot;:&quot;&quot;,&quot;jet_parallax_layout_bg_y_mobile&quot;:&quot;&quot;,&quot;jet_parallax_layout_bg_size&quot;:&quot;auto&quot;,&quot;jet_parallax_layout_bg_size_tablet&quot;:&quot;&quot;,&quot;jet_parallax_layout_bg_size_mobile&quot;:&quot;&quot;,&quot;jet_parallax_layout_animation_prop&quot;:&quot;transform&quot;,&quot;jet_parallax_layout_on&quot;:[&quot;desktop&quot;,&quot;tablet&quot;]}]}\">\n\t\t\t\t\t\t<div class=\"elementor-container elementor-column-gap-default\">\n\t\t\t\t\t<div class=\"elementor-column elementor-col-100 elementor-top-column elementor-element elementor-element-26933c2\" data-id=\"26933c2\" data-element_type=\"column\">\n\t\t\t<div class=\"elementor-widget-wrap elementor-element-populated\">\n\t\t\t\t\t\t<div class=\"elementor-element elementor-element-996473b elementor-widget elementor-widget-spacer\" data-id=\"996473b\" data-element_type=\"widget\" data-widget_type=\"spacer.default\">\n\t\t\t\t<div class=\"elementor-widget-container\">\n\t\t\t\t\t\t\t<div class=\"elementor-spacer\">\n\t\t\t<div class=\"elementor-spacer-inner\"><\/div>\n\t\t<\/div>\n\t\t\t\t\t\t<\/div>\n\t\t\t\t<\/div>\n\t\t\t\t\t<\/div>\n\t\t<\/div>\n\t\t\t\t\t<\/div>\n\t\t<\/section>\n\t\t\t\t<section class=\"elementor-section elementor-top-section elementor-element elementor-element-6f3ab2a elementor-section-boxed elementor-section-height-default elementor-section-height-default\" data-id=\"6f3ab2a\" data-element_type=\"section\" data-settings=\"{&quot;jet_parallax_layout_list&quot;:[]}\">\n\t\t\t\t\t\t<div class=\"elementor-container elementor-column-gap-default\">\n\t\t\t\t\t<div class=\"elementor-column elementor-col-66 elementor-top-column elementor-element elementor-element-89d83b5\" data-id=\"89d83b5\" data-element_type=\"column\">\n\t\t\t<div class=\"elementor-widget-wrap elementor-element-populated\">\n\t\t\t\t\t\t<div class=\"elementor-element elementor-element-fd44623 elementor-widget elementor-widget-text-editor\" data-id=\"fd44623\" data-element_type=\"widget\" data-widget_type=\"text-editor.default\">\n\t\t\t\t<div class=\"elementor-widget-container\">\n\t\t\t\t\t\t\t\t\t<h2>Cafeteria \u00e0 proximit\u00e9<\/h2><div><ul><li data-section-id=\"ph9wi7\" data-start=\"172\" data-end=\"449\"><p data-start=\"174\" data-end=\"235\"><strong data-start=\"174\" data-end=\"193\">Le Silence<\/strong><br data-start=\"193\" data-end=\"196\" \/><img decoding=\"async\" class=\"emoji\" role=\"img\" draggable=\"false\" src=\"https:\/\/s.w.org\/images\/core\/emoji\/16.0.1\/svg\/1f4cd.svg\" alt=\"\ud83d\udccd\" \/> Avenue du Silence 70, 1180 Uccle<\/p><\/li><li>Litt\u00e9ralement <strong data-start=\"254\" data-end=\"280\">en face du cr\u00e9matorium d&rsquo;Uccle<\/strong>.<\/li><li>Sandwichs, pistolets, boissons.<\/li><li>Souvent utilis\u00e9 pour <strong data-start=\"353\" data-end=\"389\">se retrouver apr\u00e8s une c\u00e9r\u00e9monie<\/strong> ou prendre un caf\u00e9.<\/li><\/ul><\/div><div><strong><img decoding=\"async\" class=\"emoji\" role=\"img\" draggable=\"false\" src=\"https:\/\/s.w.org\/images\/core\/emoji\/16.0.1\/svg\/1f4de.svg\" alt=\"\ud83d\udcde\" \/><\/strong>\u00a0<strong>B<\/strong><strong>esoin d\u2019aide ? Appelez-nous 24\/24 au 02\/502.14.24<\/strong><\/div>\t\t\t\t\t\t\t\t<\/div>\n\t\t\t\t<\/div>\n\t\t\t\t\t<\/div>\n\t\t<\/div>\n\t\t\t\t<div class=\"elementor-column elementor-col-33 elementor-top-column elementor-element elementor-element-5eb8ad9\" data-id=\"5eb8ad9\" data-element_type=\"column\">\n\t\t\t<div class=\"elementor-widget-wrap elementor-element-populated\">\n\t\t\t\t\t\t<div class=\"elementor-element elementor-element-e3eb7fa elementor-widget elementor-widget-image\" data-id=\"e3eb7fa\" data-element_type=\"widget\" data-widget_type=\"image.default\">\n\t\t\t\t<div class=\"elementor-widget-container\">\n\t\t\t\t\t\t\t\t\t\t\t\t<figure class=\"wp-caption\">\n\t\t\t\t\t\t\t\t\t\t<img loading=\"lazy\" decoding=\"async\" width=\"768\" height=\"512\" src=\"https:\/\/www.aic-vbc.be\/wp-content\/uploads\/2021\/12\/7336-2048x1365-1-768x512.jpg\" class=\"attachment-medium_large size-medium_large wp-image-8376\" alt=\"R\u00e9ception apr\u00e8s fun\u00e9railles Bruxelles AIC Heirbrant Pompes fun\u00e8bres\" srcset=\"https:\/\/www.aic-vbc.be\/wp-content\/uploads\/2021\/12\/7336-2048x1365-1-768x512.jpg 768w, https:\/\/www.aic-vbc.be\/wp-content\/uploads\/2021\/12\/7336-2048x1365-1-300x200.jpg 300w, https:\/\/www.aic-vbc.be\/wp-content\/uploads\/2021\/12\/7336-2048x1365-1-1024x683.jpg 1024w, https:\/\/www.aic-vbc.be\/wp-content\/uploads\/2021\/12\/7336-2048x1365-1-1536x1024.jpg 1536w, https:\/\/www.aic-vbc.be\/wp-content\/uploads\/2021\/12\/7336-2048x1365-1-600x400.jpg 600w, https:\/\/www.aic-vbc.be\/wp-content\/uploads\/2021\/12\/7336-2048x1365-1.jpg 2048w\" sizes=\"(max-width: 768px) 100vw, 768px\" \/>\t\t\t\t\t\t\t\t\t\t\t<figcaption class=\"widget-image-caption wp-caption-text\"><\/figcaption>\n\t\t\t\t\t\t\t\t\t\t<\/figure>\n\t\t\t\t\t\t\t\t\t<\/div>\n\t\t\t\t<\/div>\n\t\t\t\t\t<\/div>\n\t\t<\/div>\n\t\t\t\t\t<\/div>\n\t\t<\/section>\n\t\t\t\t<section class=\"elementor-section elementor-top-section elementor-element elementor-element-10cd8e6 elementor-section-boxed elementor-section-height-default elementor-section-height-default\" data-id=\"10cd8e6\" data-element_type=\"section\" data-settings=\"{&quot;jet_parallax_layout_list&quot;:[]}\">\n\t\t\t\t\t\t<div class=\"elementor-container elementor-column-gap-default\">\n\t\t\t\t\t<div class=\"elementor-column elementor-col-100 elementor-top-column elementor-element elementor-element-2495639\" data-id=\"2495639\" data-element_type=\"column\">\n\t\t\t<div class=\"elementor-widget-wrap elementor-element-populated\">\n\t\t\t\t\t\t<div class=\"elementor-element elementor-element-6b3da43 btn_contact elementor-align-center elementor-widget elementor-widget-button\" data-id=\"6b3da43\" data-element_type=\"widget\" data-widget_type=\"button.default\">\n\t\t\t\t<div class=\"elementor-widget-container\">\n\t\t\t\t\t\t\t\t\t<div class=\"elementor-button-wrapper\">\n\t\t\t\t\t<a class=\"elementor-button elementor-button-link elementor-size-sm\" href=\"https:\/\/aic-vbc.be\/contact\/\" target=\"_blank\">\n\t\t\t\t\t\t<span class=\"elementor-button-content-wrapper\">\n\t\t\t\t\t\t<span class=\"elementor-button-icon\">\n\t\t\t\t<i aria-hidden=\"true\" class=\"far fa-folder-open\"><\/i>\t\t\t<\/span>\n\t\t\t\t\t\t\t\t\t<span class=\"elementor-button-text\">\u00a0Besoin d\u2019aide ? Appelez-nous 24\/24 au 02\/502.14.24<\/span>\n\t\t\t\t\t<\/span>\n\t\t\t\t\t<\/a>\n\t\t\t\t<\/div>\n\t\t\t\t\t\t\t\t<\/div>\n\t\t\t\t<\/div>\n\t\t\t\t\t<\/div>\n\t\t<\/div>\n\t\t\t\t\t<\/div>\n\t\t<\/section>\n\t\t\t\t<section class=\"elementor-section elementor-top-section elementor-element elementor-element-9aafbe0 elementor-section-boxed elementor-section-height-default elementor-section-height-default\" data-id=\"9aafbe0\" data-element_type=\"section\" data-settings=\"{&quot;jet_parallax_layout_list&quot;:[{&quot;jet_parallax_layout_image&quot;:{&quot;url&quot;:&quot;&quot;,&quot;id&quot;:&quot;&quot;,&quot;size&quot;:&quot;&quot;},&quot;_id&quot;:&quot;52551e8&quot;,&quot;jet_parallax_layout_image_tablet&quot;:{&quot;url&quot;:&quot;&quot;,&quot;id&quot;:&quot;&quot;,&quot;size&quot;:&quot;&quot;},&quot;jet_parallax_layout_image_mobile&quot;:{&quot;url&quot;:&quot;&quot;,&quot;id&quot;:&quot;&quot;,&quot;size&quot;:&quot;&quot;},&quot;jet_parallax_layout_speed&quot;:{&quot;unit&quot;:&quot;%&quot;,&quot;size&quot;:50,&quot;sizes&quot;:[]},&quot;jet_parallax_layout_type&quot;:&quot;scroll&quot;,&quot;jet_parallax_layout_direction&quot;:null,&quot;jet_parallax_layout_fx_direction&quot;:null,&quot;jet_parallax_layout_z_index&quot;:&quot;&quot;,&quot;jet_parallax_layout_bg_x&quot;:50,&quot;jet_parallax_layout_bg_x_tablet&quot;:&quot;&quot;,&quot;jet_parallax_layout_bg_x_mobile&quot;:&quot;&quot;,&quot;jet_parallax_layout_bg_y&quot;:50,&quot;jet_parallax_layout_bg_y_tablet&quot;:&quot;&quot;,&quot;jet_parallax_layout_bg_y_mobile&quot;:&quot;&quot;,&quot;jet_parallax_layout_bg_size&quot;:&quot;auto&quot;,&quot;jet_parallax_layout_bg_size_tablet&quot;:&quot;&quot;,&quot;jet_parallax_layout_bg_size_mobile&quot;:&quot;&quot;,&quot;jet_parallax_layout_animation_prop&quot;:&quot;transform&quot;,&quot;jet_parallax_layout_on&quot;:[&quot;desktop&quot;,&quot;tablet&quot;]}]}\">\n\t\t\t\t\t\t<div class=\"elementor-container elementor-column-gap-default\">\n\t\t\t\t\t<div class=\"elementor-column elementor-col-100 elementor-top-column elementor-element elementor-element-bdc972e\" data-id=\"bdc972e\" data-element_type=\"column\">\n\t\t\t<div class=\"elementor-widget-wrap elementor-element-populated\">\n\t\t\t\t\t\t<div class=\"elementor-element elementor-element-45051b5 elementor-widget elementor-widget-text-editor\" data-id=\"45051b5\" data-element_type=\"widget\" data-widget_type=\"text-editor.default\">\n\t\t\t\t<div class=\"elementor-widget-container\">\n\t\t\t\t\t\t\t\t\t<h2>Conseils pour organiser une r\u00e9ception apr\u00e8s obs\u00e8ques<\/h2><p>Organiser une table de caf\u00e9 peut \u00eatre difficile dans un moment \u00e9motionnel. Voici quelques conseils pour faciliter l\u2019organisation.<\/p><h3>Pr\u00e9voir le nombre d\u2019invit\u00e9s<\/h3><p>Il est utile d\u2019estimer combien de personnes resteront apr\u00e8s la c\u00e9r\u00e9monie afin de r\u00e9server une salle adapt\u00e9e.<\/p><h3>Choisir un lieu proche<\/h3><p>Organiser la r\u00e9ception dans le m\u00eame cr\u00e9matorium simplifie les d\u00e9placements pour les invit\u00e9s.<\/p><h3>Opter pour une formule simple<\/h3><p>La plupart des familles choisissent une table de caf\u00e9 traditionnelle, qui reste conviviale et facile \u00e0 organiser.<\/p><h3>Informer les invit\u00e9s<\/h3><p>Il est possible d\u2019indiquer sur le faire-part ou pendant la c\u00e9r\u00e9monie si les invit\u00e9s sont convi\u00e9s \u00e0 la r\u00e9ception..<\/p>\t\t\t\t\t\t\t\t<\/div>\n\t\t\t\t<\/div>\n\t\t\t\t<div class=\"elementor-element elementor-element-338ef80 elementor-widget elementor-widget-image-gallery\" data-id=\"338ef80\" data-element_type=\"widget\" data-widget_type=\"image-gallery.default\">\n\t\t\t\t<div class=\"elementor-widget-container\">\n\t\t\t\t\t\t\t<div class=\"elementor-image-gallery\">\n\t\t\t<div id='gallery-1' class='gallery galleryid-5676 gallery-columns-3 gallery-size-thumbnail'><figure class='gallery-item'>\n\t\t\t<div class='gallery-icon landscape'>\n\t\t\t\t<a data-elementor-open-lightbox=\"yes\" data-elementor-lightbox-slideshow=\"338ef80\" data-elementor-lightbox-title=\"Reception-apres-funerailles AIC HEIRBRANT VBC\" data-e-action-hash=\"#elementor-action%3Aaction%3Dlightbox%26settings%3DeyJpZCI6MTc5MDMsInVybCI6Imh0dHBzOlwvXC93d3cuYWljLXZiYy5iZVwvd3AtY29udGVudFwvdXBsb2Fkc1wvMjAyNlwvMDNcL1NhbmR3aWNoZXMtYXByZXMtZnVuZXJhaWxsZXMtQUlDLUhFSVJCUkFOVC5wbmciLCJzbGlkZXNob3ciOiIzMzhlZjgwIn0%3D\" href='https:\/\/www.aic-vbc.be\/wp-content\/uploads\/2026\/03\/Sandwiches-apres-funerailles-AIC-HEIRBRANT.png'><img loading=\"lazy\" decoding=\"async\" width=\"150\" height=\"150\" src=\"https:\/\/www.aic-vbc.be\/wp-content\/uploads\/2026\/03\/Sandwiches-apres-funerailles-AIC-HEIRBRANT-150x150.png\" class=\"attachment-thumbnail size-thumbnail\" alt=\"Reception-apres-funerailles AIC HEIRBRANT VBC\" srcset=\"https:\/\/www.aic-vbc.be\/wp-content\/uploads\/2026\/03\/Sandwiches-apres-funerailles-AIC-HEIRBRANT-150x150.png 150w, https:\/\/www.aic-vbc.be\/wp-content\/uploads\/2026\/03\/Sandwiches-apres-funerailles-AIC-HEIRBRANT-300x300.png 300w, https:\/\/www.aic-vbc.be\/wp-content\/uploads\/2026\/03\/Sandwiches-apres-funerailles-AIC-HEIRBRANT-100x100.png 100w\" sizes=\"(max-width: 150px) 100vw, 150px\" \/><\/a>\n\t\t\t<\/div><\/figure><figure class='gallery-item'>\n\t\t\t<div class='gallery-icon landscape'>\n\t\t\t\t<a data-elementor-open-lightbox=\"yes\" data-elementor-lightbox-slideshow=\"338ef80\" data-elementor-lightbox-title=\"Reception-apres-funerailles AIC HEIRBRANT VBC\" data-e-action-hash=\"#elementor-action%3Aaction%3Dlightbox%26settings%3DeyJpZCI6MTc5MDUsInVybCI6Imh0dHBzOlwvXC93d3cuYWljLXZiYy5iZVwvd3AtY29udGVudFwvdXBsb2Fkc1wvMjAyNlwvMDNcL1JlY2VwdGlvbi1wYWluLXN1cnByaXNlLWFwcmVzLWZ1bmVyYWlsbGVzLUFJQy1IRUlSQlJBTlQucG5nIiwic2xpZGVzaG93IjoiMzM4ZWY4MCJ9\" href='https:\/\/www.aic-vbc.be\/wp-content\/uploads\/2026\/03\/Reception-pain-surprise-apres-funerailles-AIC-HEIRBRANT.png'><img loading=\"lazy\" decoding=\"async\" width=\"150\" height=\"150\" src=\"https:\/\/www.aic-vbc.be\/wp-content\/uploads\/2026\/03\/Reception-pain-surprise-apres-funerailles-AIC-HEIRBRANT-150x150.png\" class=\"attachment-thumbnail size-thumbnail\" alt=\"Reception-apres-funerailles AIC HEIRBRANT VBC\" aria-describedby=\"gallery-1-17905\" srcset=\"https:\/\/www.aic-vbc.be\/wp-content\/uploads\/2026\/03\/Reception-pain-surprise-apres-funerailles-AIC-HEIRBRANT-150x150.png 150w, https:\/\/www.aic-vbc.be\/wp-content\/uploads\/2026\/03\/Reception-pain-surprise-apres-funerailles-AIC-HEIRBRANT-100x100.png 100w, https:\/\/www.aic-vbc.be\/wp-content\/uploads\/2026\/03\/Reception-pain-surprise-apres-funerailles-AIC-HEIRBRANT.png 236w\" sizes=\"(max-width: 150px) 100vw, 150px\" \/><\/a>\n\t\t\t<\/div>\n\t\t\t\t<figcaption class='wp-caption-text gallery-caption' id='gallery-1-17905'>\n\t\t\t\tPain surprise \/ 10 pers. = 115,00 \u20ac TVAC \n\t\t\t\t<\/figcaption><\/figure><figure class='gallery-item'>\n\t\t\t<div class='gallery-icon landscape'>\n\t\t\t\t<a data-elementor-open-lightbox=\"yes\" data-elementor-lightbox-slideshow=\"338ef80\" data-elementor-lightbox-title=\"Reception-apres-funerailles AIC HEIRBRANT VBC\" data-e-action-hash=\"#elementor-action%3Aaction%3Dlightbox%26settings%3DeyJpZCI6MTc5MDcsInVybCI6Imh0dHBzOlwvXC93d3cuYWljLXZiYy5iZVwvd3AtY29udGVudFwvdXBsb2Fkc1wvMjAyNlwvMDNcL1NhbmR3aWNoZXMtcmVjZXB0aW9uLWFwcmVzLWZ1bmVyYWlsbGVzLUFJQy1IRUlSQlJBTlQucG5nIiwic2xpZGVzaG93IjoiMzM4ZWY4MCJ9\" href='https:\/\/www.aic-vbc.be\/wp-content\/uploads\/2026\/03\/Sandwiches-reception-apres-funerailles-AIC-HEIRBRANT.png'><img loading=\"lazy\" decoding=\"async\" width=\"150\" height=\"150\" src=\"https:\/\/www.aic-vbc.be\/wp-content\/uploads\/2026\/03\/Sandwiches-reception-apres-funerailles-AIC-HEIRBRANT-150x150.png\" class=\"attachment-thumbnail size-thumbnail\" alt=\"Reception-apres-funerailles AIC HEIRBRANT VBC\" srcset=\"https:\/\/www.aic-vbc.be\/wp-content\/uploads\/2026\/03\/Sandwiches-reception-apres-funerailles-AIC-HEIRBRANT-150x150.png 150w, https:\/\/www.aic-vbc.be\/wp-content\/uploads\/2026\/03\/Sandwiches-reception-apres-funerailles-AIC-HEIRBRANT-300x300.png 300w, https:\/\/www.aic-vbc.be\/wp-content\/uploads\/2026\/03\/Sandwiches-reception-apres-funerailles-AIC-HEIRBRANT-100x100.png 100w\" sizes=\"(max-width: 150px) 100vw, 150px\" \/><\/a>\n\t\t\t<\/div><\/figure>\n\t\t<\/div>\n\t\t<\/div>\n\t\t\t\t\t\t<\/div>\n\t\t\t\t<\/div>\n\t\t\t\t\t<\/div>\n\t\t<\/div>\n\t\t\t\t\t<\/div>\n\t\t<\/section>\n\t\t\t\t<section class=\"elementor-section elementor-top-section elementor-element elementor-element-92aeee6 elementor-section-boxed elementor-section-height-default elementor-section-height-default\" data-id=\"92aeee6\" data-element_type=\"section\" data-settings=\"{&quot;jet_parallax_layout_list&quot;:[]}\">\n\t\t\t\t\t\t<div class=\"elementor-container elementor-column-gap-default\">\n\t\t\t\t\t<div class=\"elementor-column elementor-col-100 elementor-top-column elementor-element elementor-element-6d27fdf\" data-id=\"6d27fdf\" data-element_type=\"column\">\n\t\t\t<div class=\"elementor-widget-wrap elementor-element-populated\">\n\t\t\t\t\t\t<div class=\"elementor-element elementor-element-f20c03d elementor-widget__width-initial elementor-widget elementor-widget-text-editor\" data-id=\"f20c03d\" data-element_type=\"widget\" data-widget_type=\"text-editor.default\">\n\t\t\t\t<div class=\"elementor-widget-container\">\n\t\t\t\t\t\t\t\t\t<h2 data-section-id=\"7x0yni\" data-start=\"279\" data-end=\"344\">\u00a0<\/h2><h2 data-section-id=\"7x0yni\" data-start=\"279\" data-end=\"344\">FAQ &#8211; Questions fr\u00e9quentes sur les tables de caf\u00e9 \u00e0 Bruxelles apr\u00e8s fun\u00e9railles<\/h2><h3 data-section-id=\"7x0yni\" data-start=\"279\" data-end=\"344\">Combien de temps dure une r\u00e9ception apr\u00e8s obs\u00e8ques ?<\/h3><p data-start=\"977\" data-end=\"1170\">La dur\u00e9e moyenne d\u2019une r\u00e9ception apr\u00e8s obs\u00e8ques est de <strong data-start=\"1032\" data-end=\"1051\">1h30 \u00e0 2 heures<\/strong>.<br data-start=\"1052\" data-end=\"1055\" \/>Elle a lieu imm\u00e9diatement apr\u00e8s la c\u00e9r\u00e9monie, souvent dans une salle proche du cr\u00e9matorium ou du lieu d\u2019inhumation.<\/p><h3>Qui est invit\u00e9 \u00e0 la r\u00e9ception apr\u00e8s fun\u00e9railles ?<\/h3><p>La table de caf\u00e9 peut rassembler :<\/p><ul><li>la famille<\/li><li>les amis<\/li><li>les coll\u00e8gues<\/li><li>les connaissances du d\u00e9funt<\/li><\/ul><p>Certaines familles choisissent d\u2019inviter toutes les personnes pr\u00e9sentes \u00e0 la c\u00e9r\u00e9monie.<\/p><h3 data-section-id=\"euvoz1\" data-start=\"1458\" data-end=\"1523\">Est-il obligatoire d\u2019organiser une table apr\u00e8s fun\u00e9railles ?<\/h3><p data-start=\"1524\" data-end=\"1705\">Non, ce n\u2019est pas obligatoire.<br data-start=\"1554\" data-end=\"1557\" \/>Cependant, c\u2019est une tradition tr\u00e8s r\u00e9pandue en Belgique, car elle permet aux proches de se r\u00e9unir, d\u2019\u00e9changer et de se soutenir apr\u00e8s la c\u00e9r\u00e9monie.<\/p><h3 data-section-id=\"pg3a5f\" data-start=\"1712\" data-end=\"1776\">Combien de personnes pr\u00e9voir pour une r\u00e9ception fun\u00e9raire ?<\/h3><p data-start=\"1777\" data-end=\"1968\">Le nombre de participants d\u00e9pend de <strong><a href=\"https:\/\/www.aic-vbc.be\/fr\/services-funeraires\/organisation-ceremonie-funeraire\/\">la c\u00e9r\u00e9monie<\/a><\/strong>, mais il est courant de pr\u00e9voir entre <strong data-start=\"1864\" data-end=\"1887\">20 et 100 personnes<\/strong>.<br data-start=\"1888\" data-end=\"1891\" \/>Il est conseill\u00e9 d\u2019anticiper l\u00e9g\u00e8rement \u00e0 la hausse pour \u00e9viter les impr\u00e9vus.<\/p><h3 data-section-id=\"1s74tf1\" data-start=\"1975\" data-end=\"2030\">Peut-on adapter le menu (v\u00e9g\u00e9tarien, allergies\u2026) ?<\/h3><p data-start=\"2031\" data-end=\"2122\">Oui, la plupart des services de r\u00e9ception fun\u00e9raire proposent des <strong data-start=\"2097\" data-end=\"2120\">menus personnalis\u00e9s<\/strong> :<\/p><ul data-start=\"2123\" data-end=\"2202\"><li data-section-id=\"335rjw\" data-start=\"2123\" data-end=\"2137\"><p data-start=\"2125\" data-end=\"2137\">v\u00e9g\u00e9tarien<\/p><\/li><li data-section-id=\"km3d46\" data-start=\"2138\" data-end=\"2153\"><p data-start=\"2140\" data-end=\"2153\">sans gluten<\/p><\/li><li data-section-id=\"1gn3uys\" data-start=\"2154\" data-end=\"2170\"><p data-start=\"2156\" data-end=\"2170\">sans lactose<\/p><\/li><li data-section-id=\"1w877q8\" data-start=\"2171\" data-end=\"2202\"><p data-start=\"2173\" data-end=\"2202\">autres demandes sp\u00e9cifiques (allergies, r\u00e9gime,&#8230;)<\/p><\/li><\/ul><h3>Peut-on organiser une r\u00e9ception en dehors d\u2019un cr\u00e9matorium ?<\/h3><p>Oui. Une table de caf\u00e9 peut aussi \u00eatre organis\u00e9e dans :<\/p><ul><li>un restaurant<\/li><li>une salle de r\u00e9ception<\/li><li>un \u00e9tablissement proche du cimeti\u00e8re<\/li><\/ul><p>Nous pouvons vous aider \u00e0 trouver un lieu adapt\u00e9 dans la r\u00e9gion de Bruxelles.<\/p><p><strong><img decoding=\"async\" class=\"emoji\" role=\"img\" draggable=\"false\" src=\"https:\/\/s.w.org\/images\/core\/emoji\/16.0.1\/svg\/1f4de.svg\" alt=\"\ud83d\udcde\" \/><\/strong>\u00a0<strong>B<\/strong><strong>esoin d\u2019aide ? Appelez-nous 24\/24 au 02\/502.14.24<\/strong><\/p><p><strong><a href=\"https:\/\/www.aic-vbc.be\/fr\/\">HOME<\/a><\/strong><\/p>\t\t\t\t\t\t\t\t<\/div>\n\t\t\t\t<\/div>\n\t\t\t\t\t<\/div>\n\t\t<\/div>\n\t\t\t\t\t<\/div>\n\t\t<\/section>\n\t\t\t\t<section class=\"elementor-section elementor-top-section elementor-element elementor-element-5890eeb elementor-section-boxed elementor-section-height-default elementor-section-height-default\" data-id=\"5890eeb\" data-element_type=\"section\" data-settings=\"{&quot;jet_parallax_layout_list&quot;:[]}\">\n\t\t\t\t\t\t<div class=\"elementor-container elementor-column-gap-default\">\n\t\t\t\t\t<div class=\"elementor-column elementor-col-100 elementor-top-column elementor-element elementor-element-b221504\" data-id=\"b221504\" data-element_type=\"column\">\n\t\t\t<div class=\"elementor-widget-wrap elementor-element-populated\">\n\t\t\t\t\t\t<div class=\"elementor-element elementor-element-f5a1c56 btn_contact elementor-align-center elementor-widget elementor-widget-button\" data-id=\"f5a1c56\" data-element_type=\"widget\" data-widget_type=\"button.default\">\n\t\t\t\t<div class=\"elementor-widget-container\">\n\t\t\t\t\t\t\t\t\t<div class=\"elementor-button-wrapper\">\n\t\t\t\t\t<a class=\"elementor-button elementor-button-link elementor-size-sm\" href=\"\/fr\/contact\/\">\n\t\t\t\t\t\t<span class=\"elementor-button-content-wrapper\">\n\t\t\t\t\t\t\t\t\t<span class=\"elementor-button-text\">Directement \u00e0 votre service 24\/24 au 02\/502.14.24<\/span>\n\t\t\t\t\t<\/span>\n\t\t\t\t\t<\/a>\n\t\t\t\t<\/div>\n\t\t\t\t\t\t\t\t<\/div>\n\t\t\t\t<\/div>\n\t\t\t\t\t<\/div>\n\t\t<\/div>\n\t\t\t\t\t<\/div>\n\t\t<\/section>\n\t\t\t\t<section class=\"elementor-section elementor-top-section elementor-element elementor-element-7edb71c elementor-section-boxed elementor-section-height-default elementor-section-height-default\" data-id=\"7edb71c\" data-element_type=\"section\" data-settings=\"{&quot;jet_parallax_layout_list&quot;:[]}\">\n\t\t\t\t\t\t<div class=\"elementor-container elementor-column-gap-default\">\n\t\t\t\t\t<div class=\"elementor-column elementor-col-100 elementor-top-column elementor-element elementor-element-f8e6a5f\" data-id=\"f8e6a5f\" data-element_type=\"column\">\n\t\t\t<div class=\"elementor-widget-wrap elementor-element-populated\">\n\t\t\t\t\t\t<div class=\"elementor-element elementor-element-28bb9d8 elementor-widget elementor-widget-text-editor\" data-id=\"28bb9d8\" data-element_type=\"widget\" data-widget_type=\"text-editor.default\">\n\t\t\t\t<div class=\"elementor-widget-container\">\n\t\t\t\t\t\t\t\t\t<h2 data-section-id=\"1qk290p\" data-start=\"4981\" data-end=\"5018\">Pourquoi faire confiance \u00e0 AIC HEIRBRANT?<\/h2><ul><li data-start=\"5021\" data-end=\"5065\">Expertise fun\u00e9raire reconnue \u00e0 Bruxelles<\/li><li data-start=\"5068\" data-end=\"5097\">Service discret et humain<\/li><li data-start=\"5100\" data-end=\"5123\">Tarifs transparents<\/li><li data-start=\"5126\" data-end=\"5149\">Organisation rapide<\/li><\/ul>\t\t\t\t\t\t\t\t<\/div>\n\t\t\t\t<\/div>\n\t\t\t\t\t<\/div>\n\t\t<\/div>\n\t\t\t\t\t<\/div>\n\t\t<\/section>\n\t\t\t\t<section class=\"elementor-section elementor-top-section elementor-element elementor-element-511a7fa elementor-section-boxed elementor-section-height-default elementor-section-height-default\" data-id=\"511a7fa\" data-element_type=\"section\" data-settings=\"{&quot;jet_parallax_layout_list&quot;:[]}\">\n\t\t\t\t\t\t<div class=\"elementor-container elementor-column-gap-default\">\n\t\t\t\t\t<div class=\"elementor-column elementor-col-100 elementor-top-column elementor-element elementor-element-9112f44\" data-id=\"9112f44\" data-element_type=\"column\">\n\t\t\t<div class=\"elementor-widget-wrap elementor-element-populated\">\n\t\t\t\t\t\t<div class=\"elementor-element elementor-element-29926b6 btn_contact elementor-align-center elementor-widget elementor-widget-button\" data-id=\"29926b6\" data-element_type=\"widget\" data-widget_type=\"button.default\">\n\t\t\t\t<div class=\"elementor-widget-container\">\n\t\t\t\t\t\t\t\t\t<div class=\"elementor-button-wrapper\">\n\t\t\t\t\t<a class=\"elementor-button elementor-button-link elementor-size-sm\" href=\"\/fr\/contact\/\">\n\t\t\t\t\t\t<span class=\"elementor-button-content-wrapper\">\n\t\t\t\t\t\t<span class=\"elementor-button-icon\">\n\t\t\t\t<i aria-hidden=\"true\" class=\"fas fa-phone\"><\/i>\t\t\t<\/span>\n\t\t\t\t\t\t\t\t\t<span class=\"elementor-button-text\">\u00a0Besoin d\u2019aide ? Appelez-nous 24\/24 au 02\/502.14.24<\/span>\n\t\t\t\t\t<\/span>\n\t\t\t\t\t<\/a>\n\t\t\t\t<\/div>\n\t\t\t\t\t\t\t\t<\/div>\n\t\t\t\t<\/div>\n\t\t\t\t\t<\/div>\n\t\t<\/div>\n\t\t\t\t\t<\/div>\n\t\t<\/section>\n\t\t\t\t<\/div>\n\t\t","protected":false},"excerpt":{"rendered":"<p>R\u00e9ception apr\u00e8s fun\u00e9railles Home Collation apr\u00e8s fun\u00e9railles Bruxelles R\u00e9ception apr\u00e8s fun\u00e9railles \u00e0 Bruxelles R\u00e9ception apr\u00e8s fun\u00e9railles Vous recherchez d&rsquo;organiser une r\u00e9ception apr\u00e8s fun\u00e9railles \u00e0 Bruxelles digne et chaleureuse apr\u00e8s une c\u00e9r\u00e9monie ? AIC HEIRBRANT organise des r\u00e9ceptions fun\u00e9raires \u00e0 Bruxelles, Evere, Uccle, &#8230; Notre \u00e9quipe\u00a0vous accompagne dans l\u2019organisation compl\u00e8te de votre collation apr\u00e8s obs\u00e8ques ou [&hellip;]<\/p>\n","protected":false},"author":3,"featured_media":0,"parent":852,"menu_order":5,"comment_status":"closed","ping_status":"closed","template":"","meta":{"_acf_changed":false,"inline_featured_image":false,"_exactmetrics_skip_tracking":false,"_exactmetrics_sitenote_active":false,"_exactmetrics_sitenote_note":"","_exactmetrics_sitenote_category":0,"footnotes":""},"class_list":["post-5676","page","type-page","status-publish","hentry"],"acf":[],"yoast_head":"<!-- This site is optimized with the Yoast SEO plugin v27.0 - https:\/\/yoast.com\/product\/yoast-seo-wordpress\/ -->\n<title>R\u00e9ception apr\u00e8s fun\u00e9railles \u00e0 Bruxelles - Tarifs r\u00e9ception fun\u00e9raire<\/title>\n<meta name=\"description\" content=\"Organisation de r\u00e9ception apr\u00e8s fun\u00e9railles \u00e0 Bruxelles Collation, caf\u00e9 de deuil, buffet ou traiteur. Tarifs d\u00e8s 15\u20ac \/personne. AIC Heirbrant\" \/>\n<meta name=\"robots\" content=\"index, follow, max-snippet:-1, max-image-preview:large, max-video-preview:-1\" \/>\n<link rel=\"canonical\" href=\"https:\/\/www.aic-vbc.be\/fr\/nos-services\/reception-apres-funerailles-a-bruxelles\/\" \/>\n<meta property=\"og:locale\" content=\"fr_FR\" \/>\n<meta property=\"og:type\" content=\"article\" \/>\n<meta property=\"og:title\" content=\"R\u00e9ception apr\u00e8s fun\u00e9railles \u00e0 Bruxelles - Tarifs r\u00e9ception fun\u00e9raire\" \/>\n<meta property=\"og:description\" content=\"Organisation de r\u00e9ception apr\u00e8s fun\u00e9railles \u00e0 Bruxelles Collation, caf\u00e9 de deuil, buffet ou traiteur. Tarifs d\u00e8s 15\u20ac \/personne. AIC Heirbrant\" \/>\n<meta property=\"og:url\" content=\"https:\/\/www.aic-vbc.be\/fr\/nos-services\/reception-apres-funerailles-a-bruxelles\/\" \/>\n<meta property=\"og:site_name\" content=\"AIC HEIRBRANT VBC\" \/>\n<meta property=\"article:modified_time\" content=\"2026-04-16T14:19:56+00:00\" \/>\n<meta property=\"og:image\" content=\"https:\/\/s.w.org\/images\/core\/emoji\/16.0.1\/svg\/1f4de.svg\" \/>\n<meta name=\"twitter:card\" content=\"summary_large_image\" \/>\n<meta name=\"twitter:label1\" content=\"Dur\u00e9e de lecture estim\u00e9e\" \/>\n\t<meta name=\"twitter:data1\" content=\"9 minutes\" \/>\n<script type=\"application\/ld+json\" class=\"yoast-schema-graph\">{\"@context\":\"https:\/\/schema.org\",\"@graph\":[{\"@type\":\"WebPage\",\"@id\":\"https:\/\/www.aic-vbc.be\/fr\/nos-services\/reception-apres-funerailles-a-bruxelles\/\",\"url\":\"https:\/\/www.aic-vbc.be\/fr\/nos-services\/reception-apres-funerailles-a-bruxelles\/\",\"name\":\"R\u00e9ception apr\u00e8s fun\u00e9railles \u00e0 Bruxelles - Tarifs r\u00e9ception fun\u00e9raire\",\"isPartOf\":{\"@id\":\"\/#website\"},\"primaryImageOfPage\":{\"@id\":\"https:\/\/www.aic-vbc.be\/fr\/nos-services\/reception-apres-funerailles-a-bruxelles\/#primaryimage\"},\"image\":{\"@id\":\"https:\/\/www.aic-vbc.be\/fr\/nos-services\/reception-apres-funerailles-a-bruxelles\/#primaryimage\"},\"thumbnailUrl\":\"https:\/\/s.w.org\/images\/core\/emoji\/16.0.1\/svg\/1f4de.svg\",\"datePublished\":\"2021-08-02T11:14:32+00:00\",\"dateModified\":\"2026-04-16T14:19:56+00:00\",\"description\":\"Organisation de r\u00e9ception apr\u00e8s fun\u00e9railles \u00e0 Bruxelles Collation, caf\u00e9 de deuil, buffet ou traiteur. Tarifs d\u00e8s 15\u20ac \/personne. AIC Heirbrant\",\"breadcrumb\":{\"@id\":\"https:\/\/www.aic-vbc.be\/fr\/nos-services\/reception-apres-funerailles-a-bruxelles\/#breadcrumb\"},\"inLanguage\":\"fr-FR\",\"potentialAction\":[{\"@type\":\"ReadAction\",\"target\":[\"https:\/\/www.aic-vbc.be\/fr\/nos-services\/reception-apres-funerailles-a-bruxelles\/\"]}]},{\"@type\":\"ImageObject\",\"inLanguage\":\"fr-FR\",\"@id\":\"https:\/\/www.aic-vbc.be\/fr\/nos-services\/reception-apres-funerailles-a-bruxelles\/#primaryimage\",\"url\":\"https:\/\/s.w.org\/images\/core\/emoji\/16.0.1\/svg\/1f4de.svg\",\"contentUrl\":\"https:\/\/s.w.org\/images\/core\/emoji\/16.0.1\/svg\/1f4de.svg\"},{\"@type\":\"BreadcrumbList\",\"@id\":\"https:\/\/www.aic-vbc.be\/fr\/nos-services\/reception-apres-funerailles-a-bruxelles\/#breadcrumb\",\"itemListElement\":[{\"@type\":\"ListItem\",\"position\":1,\"name\":\"Home\",\"item\":\"https:\/\/www.aic-vbc.be\/fr\/\"},{\"@type\":\"ListItem\",\"position\":2,\"name\":\"Nos services\",\"item\":\"https:\/\/www.aic-vbc.be\/fr\/nos-services\/\"},{\"@type\":\"ListItem\",\"position\":3,\"name\":\"R\u00e9ception apr\u00e8s fun\u00e9railles\"}]},{\"@type\":\"WebSite\",\"@id\":\"\/#website\",\"url\":\"\/\",\"name\":\"AIC VBC\",\"description\":\"\",\"publisher\":{\"@id\":\"\/#organization\"},\"potentialAction\":[{\"@type\":\"SearchAction\",\"target\":{\"@type\":\"EntryPoint\",\"urlTemplate\":\"\/?s={search_term_string}\"},\"query-input\":{\"@type\":\"PropertyValueSpecification\",\"valueRequired\":true,\"valueName\":\"search_term_string\"}}],\"inLanguage\":\"fr-FR\"},{\"@type\":\"Organization\",\"@id\":\"\/#organization\",\"name\":\"AIC - HEIRBRANT - VBC\",\"url\":\"\/\",\"logo\":{\"@type\":\"ImageObject\",\"inLanguage\":\"fr-FR\",\"@id\":\"\/#\/schema\/logo\/image\/\",\"url\":\"https:\/\/www.aic-vbc.be\/wp-content\/uploads\/2020\/08\/AIC_Sfeerbeeld_01.jpg\",\"contentUrl\":\"https:\/\/www.aic-vbc.be\/wp-content\/uploads\/2020\/08\/AIC_Sfeerbeeld_01.jpg\",\"width\":1281,\"height\":854,\"caption\":\"AIC - HEIRBRANT - VBC\"},\"image\":{\"@id\":\"\/#\/schema\/logo\/image\/\"}}]}<\/script>\n<!-- \/ Yoast SEO plugin. -->","yoast_head_json":{"title":"R\u00e9ception apr\u00e8s fun\u00e9railles \u00e0 Bruxelles - Tarifs r\u00e9ception fun\u00e9raire","description":"Organisation de r\u00e9ception apr\u00e8s fun\u00e9railles \u00e0 Bruxelles Collation, caf\u00e9 de deuil, buffet ou traiteur. Tarifs d\u00e8s 15\u20ac \/personne. AIC Heirbrant","robots":{"index":"index","follow":"follow","max-snippet":"max-snippet:-1","max-image-preview":"max-image-preview:large","max-video-preview":"max-video-preview:-1"},"canonical":"https:\/\/www.aic-vbc.be\/fr\/nos-services\/reception-apres-funerailles-a-bruxelles\/","og_locale":"fr_FR","og_type":"article","og_title":"R\u00e9ception apr\u00e8s fun\u00e9railles \u00e0 Bruxelles - Tarifs r\u00e9ception fun\u00e9raire","og_description":"Organisation de r\u00e9ception apr\u00e8s fun\u00e9railles \u00e0 Bruxelles Collation, caf\u00e9 de deuil, buffet ou traiteur. Tarifs d\u00e8s 15\u20ac \/personne. AIC Heirbrant","og_url":"https:\/\/www.aic-vbc.be\/fr\/nos-services\/reception-apres-funerailles-a-bruxelles\/","og_site_name":"AIC HEIRBRANT VBC","article_modified_time":"2026-04-16T14:19:56+00:00","og_image":[{"url":"https:\/\/s.w.org\/images\/core\/emoji\/16.0.1\/svg\/1f4de.svg","type":"","width":"","height":""}],"twitter_card":"summary_large_image","twitter_misc":{"Dur\u00e9e de lecture estim\u00e9e":"9 minutes"},"schema":{"@context":"https:\/\/schema.org","@graph":[{"@type":"WebPage","@id":"https:\/\/www.aic-vbc.be\/fr\/nos-services\/reception-apres-funerailles-a-bruxelles\/","url":"https:\/\/www.aic-vbc.be\/fr\/nos-services\/reception-apres-funerailles-a-bruxelles\/","name":"R\u00e9ception apr\u00e8s fun\u00e9railles \u00e0 Bruxelles - Tarifs r\u00e9ception fun\u00e9raire","isPartOf":{"@id":"\/#website"},"primaryImageOfPage":{"@id":"https:\/\/www.aic-vbc.be\/fr\/nos-services\/reception-apres-funerailles-a-bruxelles\/#primaryimage"},"image":{"@id":"https:\/\/www.aic-vbc.be\/fr\/nos-services\/reception-apres-funerailles-a-bruxelles\/#primaryimage"},"thumbnailUrl":"https:\/\/s.w.org\/images\/core\/emoji\/16.0.1\/svg\/1f4de.svg","datePublished":"2021-08-02T11:14:32+00:00","dateModified":"2026-04-16T14:19:56+00:00","description":"Organisation de r\u00e9ception apr\u00e8s fun\u00e9railles \u00e0 Bruxelles Collation, caf\u00e9 de deuil, buffet ou traiteur. Tarifs d\u00e8s 15\u20ac \/personne. AIC Heirbrant","breadcrumb":{"@id":"https:\/\/www.aic-vbc.be\/fr\/nos-services\/reception-apres-funerailles-a-bruxelles\/#breadcrumb"},"inLanguage":"fr-FR","potentialAction":[{"@type":"ReadAction","target":["https:\/\/www.aic-vbc.be\/fr\/nos-services\/reception-apres-funerailles-a-bruxelles\/"]}]},{"@type":"ImageObject","inLanguage":"fr-FR","@id":"https:\/\/www.aic-vbc.be\/fr\/nos-services\/reception-apres-funerailles-a-bruxelles\/#primaryimage","url":"https:\/\/s.w.org\/images\/core\/emoji\/16.0.1\/svg\/1f4de.svg","contentUrl":"https:\/\/s.w.org\/images\/core\/emoji\/16.0.1\/svg\/1f4de.svg"},{"@type":"BreadcrumbList","@id":"https:\/\/www.aic-vbc.be\/fr\/nos-services\/reception-apres-funerailles-a-bruxelles\/#breadcrumb","itemListElement":[{"@type":"ListItem","position":1,"name":"Home","item":"https:\/\/www.aic-vbc.be\/fr\/"},{"@type":"ListItem","position":2,"name":"Nos services","item":"https:\/\/www.aic-vbc.be\/fr\/nos-services\/"},{"@type":"ListItem","position":3,"name":"R\u00e9ception apr\u00e8s fun\u00e9railles"}]},{"@type":"WebSite","@id":"\/#website","url":"\/","name":"AIC VBC","description":"","publisher":{"@id":"\/#organization"},"potentialAction":[{"@type":"SearchAction","target":{"@type":"EntryPoint","urlTemplate":"\/?s={search_term_string}"},"query-input":{"@type":"PropertyValueSpecification","valueRequired":true,"valueName":"search_term_string"}}],"inLanguage":"fr-FR"},{"@type":"Organization","@id":"\/#organization","name":"AIC - HEIRBRANT - VBC","url":"\/","logo":{"@type":"ImageObject","inLanguage":"fr-FR","@id":"\/#\/schema\/logo\/image\/","url":"https:\/\/www.aic-vbc.be\/wp-content\/uploads\/2020\/08\/AIC_Sfeerbeeld_01.jpg","contentUrl":"https:\/\/www.aic-vbc.be\/wp-content\/uploads\/2020\/08\/AIC_Sfeerbeeld_01.jpg","width":1281,"height":854,"caption":"AIC - HEIRBRANT - VBC"},"image":{"@id":"\/#\/schema\/logo\/image\/"}}]}},"_links":{"self":[{"href":"https:\/\/www.aic-vbc.be\/fr\/wp-json\/wp\/v2\/pages\/5676","targetHints":{"allow":["GET"]}}],"collection":[{"href":"https:\/\/www.aic-vbc.be\/fr\/wp-json\/wp\/v2\/pages"}],"about":[{"href":"https:\/\/www.aic-vbc.be\/fr\/wp-json\/wp\/v2\/types\/page"}],"author":[{"embeddable":true,"href":"https:\/\/www.aic-vbc.be\/fr\/wp-json\/wp\/v2\/users\/3"}],"replies":[{"embeddable":true,"href":"https:\/\/www.aic-vbc.be\/fr\/wp-json\/wp\/v2\/comments?post=5676"}],"version-history":[{"count":479,"href":"https:\/\/www.aic-vbc.be\/fr\/wp-json\/wp\/v2\/pages\/5676\/revisions"}],"predecessor-version":[{"id":19066,"href":"https:\/\/www.aic-vbc.be\/fr\/wp-json\/wp\/v2\/pages\/5676\/revisions\/19066"}],"up":[{"embeddable":true,"href":"https:\/\/www.aic-vbc.be\/fr\/wp-json\/wp\/v2\/pages\/852"}],"wp:attachment":[{"href":"https:\/\/www.aic-vbc.be\/fr\/wp-json\/wp\/v2\/media?parent=5676"}],"curies":[{"name":"wp","href":"https:\/\/api.w.org\/{rel}","templated":true}]}}